{"id":908,"date":"2023-09-25T14:15:38","date_gmt":"2023-09-25T14:15:38","guid":{"rendered":"https:\/\/dicto.fi\/?page_id=908"},"modified":"2024-04-12T08:42:32","modified_gmt":"2024-04-12T08:42:32","slug":"humanisti-vastaa-podcast","status":"publish","type":"page","link":"https:\/\/dicto.fi\/?page_id=908","title":{"rendered":"Humanisti vastaa -podcast 2023"},"content":{"rendered":"<p><strong><span style=\"font-size: 1rem;\">Humanisti vastaa -podcastissa Turun yliopiston tutkijat vastaavat<\/span><\/strong><span style=\"font-size: 1rem;\">\u00a0<strong>ajankohtaisiin<\/strong> <strong>kysymyksiin<\/strong>. <strong>Jokaisessa jaksossa on pikavalintateht\u00e4v\u00e4, jossa haastateltavan on valittava kahdesta vaihtoehdosta itselleen l<\/strong><\/span><strong><span style=\"font-size: 1rem;\">\u00e4heisempi. <\/span><span style=\"font-size: 1rem;\">Jokainen vieras saa vastata my\u00f6s kysymykseen siit\u00e4, mihin h\u00e4n haluaa vaikuttaa yhteiskunnallisessa keskustelussa. <\/span><\/strong><\/p>\n<p><strong><span style=\"font-size: 1rem;\">Humanisti vastaa -podcastit julkaistaan my\u00f6s Turun Sanomien <a href=\"https:\/\/www.ts.fi\/teemat\/6169259\">verkkosivulla<\/a> ja Spotifyssa. Podcastien taustoista kerrotaan <a href=\"https:\/\/www.ts.fi\/teemat\/6126925\">Turun Sanomissa<\/a>.<\/span><\/strong><\/p>\n<div class=\"news__content-group\">\n<div><\/div>\n<div class=\"a2a_kit a2a_kit_size_32 addtoany_list share\" data-a2a-url=\"https:\/\/www.utu.fi\/fi\/ajankohtaista\/uutinen\/uudessa-podcastissa-toimittaja-kysyy-ja-humanisti-vastaa\" data-a2a-title=\"Uudessa podcastissa toimittaja kysyy ja humanisti vastaa\">\n<div><img loading=\"lazy\" decoding=\"async\" class=\"size-medium wp-image-911 aligncenter\" style=\"font-weight: bold; color: #666666; font-size: 0.8125rem; font-style: italic;\" src=\"https:\/\/dicto.fi\/wp-content\/uploads\/2023\/02\/Maarit-Leskela-Karki-219x300.jpg\" alt=\"\" width=\"219\" height=\"300\" srcset=\"https:\/\/dicto.fi\/wp-content\/uploads\/2023\/02\/Maarit-Leskela-Karki-219x300.jpg 219w, https:\/\/dicto.fi\/wp-content\/uploads\/2023\/02\/Maarit-Leskela-Karki-747x1024.jpg 747w, https:\/\/dicto.fi\/wp-content\/uploads\/2023\/02\/Maarit-Leskela-Karki-768x1053.jpg 768w, https:\/\/dicto.fi\/wp-content\/uploads\/2023\/02\/Maarit-Leskela-Karki-1121x1536.jpg 1121w, https:\/\/dicto.fi\/wp-content\/uploads\/2023\/02\/Maarit-Leskela-Karki-1494x2048.jpg 1494w, https:\/\/dicto.fi\/wp-content\/uploads\/2023\/02\/Maarit-Leskela-Karki-scaled.jpg 1868w\" sizes=\"auto, (max-width: 219px) 100vw, 219px\" \/><\/div>\n<\/div>\n<\/div>\n<div class=\"news__content-group\">\n<div class=\"a2a_kit a2a_kit_size_32 addtoany_list share\" data-a2a-url=\"https:\/\/www.utu.fi\/fi\/ajankohtaista\/uutinen\/uudessa-podcastissa-toimittaja-kysyy-ja-humanisti-vastaa\" data-a2a-title=\"Uudessa podcastissa toimittaja kysyy ja humanisti vastaa\">\n<div><\/div>\n<p><span style=\"font-size: 1rem;\">Humanisti vastaa -sarjan aloitusjaksossa 2023 keskusteltiin Suomen historian j\u00e4nn\u00e4t naiset -teoksen synnytt\u00e4m\u00e4st\u00e4 tekij\u00e4noikeuskohusta. Kulttuurihistorian dosentti Maarit Leskel\u00e4-K\u00e4rki perustelee, miksi tutkijat ryhtyiv\u00e4t plagiointijahtiin.<\/span><\/p>\n<p><span style=\"font-size: 1rem;\">Leskel\u00e4-K\u00e4rki kertoo my\u00f6s, miten syntyi ymp\u00e4rist\u00f6el\u00e4m\u00e4kerta Tove Janssonista, kirja nimelt\u00e4 Meri ja Tove. <\/span><a style=\"font-size: 1rem;\" href=\"https:\/\/www.utu.fi\/fi\/ajankohtaista\/podcast\/humanisti-vastaa\">Jakso 1. <\/a><span style=\"font-size: 1rem;\">julkaistiin tammikuussa 2023.<\/span><\/p>\n<\/div>\n<p><img loading=\"lazy\" decoding=\"async\" class=\"size-medium wp-image-929 aligncenter\" style=\"font-weight: bold; color: #666666; font-size: 0.8125rem; font-style: italic;\" src=\"https:\/\/dicto.fi\/wp-content\/uploads\/2023\/09\/Otto-Latva-Arcanum-225x300.jpg\" alt=\"\" width=\"225\" height=\"300\" srcset=\"https:\/\/dicto.fi\/wp-content\/uploads\/2023\/09\/Otto-Latva-Arcanum-225x300.jpg 225w, https:\/\/dicto.fi\/wp-content\/uploads\/2023\/09\/Otto-Latva-Arcanum-scaled.jpg 1920w\" sizes=\"auto, (max-width: 225px) 100vw, 225px\" \/><\/p>\n<\/div>\n<div class=\"news__content-group\">\n<div class=\"field field__field_main_content news__main-content\">\n<div class=\"news__item news__item--main-content news__item--free-text\">\n<p><span style=\"font-size: 1rem;\">Kulttuuriperinn\u00f6n tutkimuksen yliopistonlehtori Otto Latva kertoo, miten humanistinen tutkimus ehk\u00e4isee luontokatoa. <\/span><a style=\"font-size: 1rem;\" href=\"https:\/\/www.utu.fi\/fi\/ajankohtaista\/podcast\/humanisti-vastaa\">Jakso 2.<\/a> <span style=\"font-size: 1rem;\">julkaistiin helmikuussa 2023.<\/span><\/p>\n<div class=\"paragraph paragraph--type--free-text free-text free-text--default paragraph--view-mode--default\">\n<div class=\"field field__field_item_text free-text__item-text\">\n<p><img loading=\"lazy\" decoding=\"async\" class=\"size-medium wp-image-927 aligncenter\" style=\"font-weight: bold; color: #666666; font-size: 0.8125rem; font-style: italic;\" src=\"https:\/\/dicto.fi\/wp-content\/uploads\/2023\/09\/Paula-Sjoblom-Arcanum-225x300.jpg\" alt=\"\" width=\"225\" height=\"300\" srcset=\"https:\/\/dicto.fi\/wp-content\/uploads\/2023\/09\/Paula-Sjoblom-Arcanum-225x300.jpg 225w, https:\/\/dicto.fi\/wp-content\/uploads\/2023\/09\/Paula-Sjoblom-Arcanum-768x1024.jpg 768w, https:\/\/dicto.fi\/wp-content\/uploads\/2023\/09\/Paula-Sjoblom-Arcanum-1152x1536.jpg 1152w, https:\/\/dicto.fi\/wp-content\/uploads\/2023\/09\/Paula-Sjoblom-Arcanum-1536x2048.jpg 1536w, https:\/\/dicto.fi\/wp-content\/uploads\/2023\/09\/Paula-Sjoblom-Arcanum-scaled.jpg 1920w\" sizes=\"auto, (max-width: 225px) 100vw, 225px\" \/><\/p>\n<\/div>\n<div class=\"field field__field_item_text free-text__item-text\">\n<p><span style=\"font-size: 1rem;\">Suomen kielen yliopistonlehtori Paula Sj\u00f6blom kuvaa, millainen on politiikan kielimaisema. H\u00e4n kertoo my\u00f6s, mik\u00e4 on sanavalintojen merkitys, kun puhutaan kiertotaloudesta. <\/span><a style=\"font-size: 1rem;\" href=\"https:\/\/www.utu.fi\/fi\/ajankohtaista\/podcast\/humanistivastaa\">Jakso 3<\/a>. <span style=\"font-size: 1rem;\">julkaistiin maaliskuussa 2023.<\/span><\/p>\n<\/div>\n<\/div>\n<\/div>\n<\/div>\n<\/div>\n<div class=\"news__content-group\">\n<div class=\"field field__field_main_content news__main-content\">\n<div class=\"news__item news__item--main-content news__item--free-text\">\n<div class=\"paragraph paragraph--type--free-text free-text free-text--default paragraph--view-mode--default\">\n<p><img loading=\"lazy\" decoding=\"async\" class=\"size-medium wp-image-926 aligncenter\" src=\"https:\/\/dicto.fi\/wp-content\/uploads\/2023\/09\/Pekka-Lintunen-kirjakuva-293x300.jpg\" alt=\"\" width=\"293\" height=\"300\" srcset=\"https:\/\/dicto.fi\/wp-content\/uploads\/2023\/09\/Pekka-Lintunen-kirjakuva-293x300.jpg 293w, https:\/\/dicto.fi\/wp-content\/uploads\/2023\/09\/Pekka-Lintunen-kirjakuva-1000x1024.jpg 1000w, https:\/\/dicto.fi\/wp-content\/uploads\/2023\/09\/Pekka-Lintunen-kirjakuva-768x787.jpg 768w, https:\/\/dicto.fi\/wp-content\/uploads\/2023\/09\/Pekka-Lintunen-kirjakuva-1499x1536.jpg 1499w, https:\/\/dicto.fi\/wp-content\/uploads\/2023\/09\/Pekka-Lintunen-kirjakuva.jpg 1722w\" sizes=\"auto, (max-width: 293px) 100vw, 293px\" \/><\/p>\n<p><span style=\"font-size: 1rem;\">Englannin kielen professori Pekka Lintunen opastaa, miten englantia oppii puhumaan sujuvasti. Lintunen perustelee my\u00f6s, miksei suomalaisten. rallienglantia kannata v\u00e4h\u00e4tell\u00e4. <\/span><a style=\"font-size: 1rem;\" href=\"https:\/\/www.utu.fi\/fi\/ajankohtaista\/podcast\/humanisti-vastaa\">Jakso 4<\/a>. <span style=\"font-size: 1rem;\">julkaistiin huhtikuussa 2023.<\/span><\/p>\n<\/div>\n<\/div>\n<\/div>\n<\/div>\n<div class=\"news__content-group\">\n<div class=\"field field__field_main_content news__main-content\">\n<div class=\"news__item news__item--main-content news__item--free-text\">\n<div class=\"paragraph paragraph--type--free-text free-text free-text--default paragraph--view-mode--default\">\n<div class=\"field field__field_item_text free-text__item-text\">\n<p><img loading=\"lazy\" decoding=\"async\" class=\"size-medium wp-image-928 aligncenter\" src=\"https:\/\/dicto.fi\/wp-content\/uploads\/2023\/09\/Lotta-300x246.jpg\" alt=\"\" width=\"300\" height=\"246\" srcset=\"https:\/\/dicto.fi\/wp-content\/uploads\/2023\/09\/Lotta-300x246.jpg 300w, https:\/\/dicto.fi\/wp-content\/uploads\/2023\/09\/Lotta-1024x840.jpg 1024w, https:\/\/dicto.fi\/wp-content\/uploads\/2023\/09\/Lotta-768x630.jpg 768w, https:\/\/dicto.fi\/wp-content\/uploads\/2023\/09\/Lotta-1536x1259.jpg 1536w, https:\/\/dicto.fi\/wp-content\/uploads\/2023\/09\/Lotta-2048x1679.jpg 2048w\" sizes=\"auto, (max-width: 300px) 100vw, 300px\" \/><\/p>\n<p><span style=\"font-size: 1rem;\">V\u00e4it\u00f6skirjatutkija Lotta Luhtala paljastaa, onko vegaanihahmo kaunokirjallisuudessa hyvis vai pahis. Humanisti vastaa. <\/span><em><a style=\"font-style: italic; font-size: 1rem;\" href=\"https:\/\/www.utu.fi\/fi\/ajankohtaista\/podcast\/humanisti-vastaa\">Jakso 5. <\/a><\/em><span style=\"font-size: 1rem;\">julkaistiin toukokuussa 2023.<\/span><\/p>\n<p><img loading=\"lazy\" decoding=\"async\" class=\"size-medium wp-image-945 aligncenter\" src=\"https:\/\/dicto.fi\/wp-content\/uploads\/2023\/09\/Jaakko-Arcanumin-aulassa-221x300.jpg\" alt=\"\" width=\"221\" height=\"300\" \/><\/p>\n<p>Humanistisen tiedekunnan dekaani, digitaalisen kulttuurin professori Jaakko Suominen arvioi podcastissa, mik\u00e4 on humanistisen tutkimuksen asema Suomessa. H\u00e4n sanoo my\u00f6s, ett\u00e4 Turun yliopiston valtti olisi tuoda monitieteisyys diplomi-insin\u00f6\u00f6rikoulutukseen kansainv\u00e4listen\u00a0huippuyliopistojen tapaan. <a href=\"https:\/\/www.utu.fi\/fi\/ajankohtaista\/podcast\/humanisti-vastaa\">Jakso 6.<\/a> <span style=\"font-size: 1rem;\">julkaistiin elokuussa 2023.<\/span><\/p>\n<\/div>\n<\/div>\n<\/div>\n<p><span style=\"font-size: 1rem;\"><img loading=\"lazy\" decoding=\"async\" class=\"alignnone size-medium wp-image-979\" src=\"https:\/\/dicto.fi\/wp-content\/uploads\/2023\/10\/Pertti-ja-Copperin-Big-Bang-Echo-206x300.jpg\" alt=\"\" width=\"206\" height=\"300\" srcset=\"https:\/\/dicto.fi\/wp-content\/uploads\/2023\/10\/Pertti-ja-Copperin-Big-Bang-Echo-206x300.jpg 206w, https:\/\/dicto.fi\/wp-content\/uploads\/2023\/10\/Pertti-ja-Copperin-Big-Bang-Echo-703x1024.jpg 703w, https:\/\/dicto.fi\/wp-content\/uploads\/2023\/10\/Pertti-ja-Copperin-Big-Bang-Echo-768x1118.jpg 768w, https:\/\/dicto.fi\/wp-content\/uploads\/2023\/10\/Pertti-ja-Copperin-Big-Bang-Echo-1055x1536.jpg 1055w, https:\/\/dicto.fi\/wp-content\/uploads\/2023\/10\/Pertti-ja-Copperin-Big-Bang-Echo-1406x2048.jpg 1406w, https:\/\/dicto.fi\/wp-content\/uploads\/2023\/10\/Pertti-ja-Copperin-Big-Bang-Echo-scaled.jpg 1758w\" sizes=\"auto, (max-width: 206px) 100vw, 206px\" \/><\/span><\/p>\n<p><span style=\"font-size: 1rem;\">Yliopisto-opettaja Pertti Gr\u00f6nholm kertoo, miksi ei yll\u00e4ttynyt Ven\u00e4j\u00e4n\u00a0hy\u00f6k\u00e4tty\u00e4 Ukrainaan. <a href=\"https:\/\/www.utu.fi\/fi\/ajankohtaista\/podcast\/humanisti-vastaa\">Jakso 7.<\/a> julkaistiin syyskuussa 2023.<\/span><\/p>\n<p><span style=\"font-size: 1rem;\"><img loading=\"lazy\" decoding=\"async\" class=\"alignnone size-medium wp-image-980\" src=\"https:\/\/dicto.fi\/wp-content\/uploads\/2023\/10\/Minna-Maijala-tyohuone-219x300.jpg\" alt=\"\" width=\"219\" height=\"300\" srcset=\"https:\/\/dicto.fi\/wp-content\/uploads\/2023\/10\/Minna-Maijala-tyohuone-219x300.jpg 219w, https:\/\/dicto.fi\/wp-content\/uploads\/2023\/10\/Minna-Maijala-tyohuone-748x1024.jpg 748w, https:\/\/dicto.fi\/wp-content\/uploads\/2023\/10\/Minna-Maijala-tyohuone-768x1052.jpg 768w, https:\/\/dicto.fi\/wp-content\/uploads\/2023\/10\/Minna-Maijala-tyohuone-1122x1536.jpg 1122w, https:\/\/dicto.fi\/wp-content\/uploads\/2023\/10\/Minna-Maijala-tyohuone-1496x2048.jpg 1496w, https:\/\/dicto.fi\/wp-content\/uploads\/2023\/10\/Minna-Maijala-tyohuone-scaled.jpg 1870w\" sizes=\"auto, (max-width: 219px) 100vw, 219px\" \/><\/span><\/p>\n<p><span style=\"font-size: 1rem;\">Kielten oppimisen ja opettamisen professori Minna Maijala kuvaa lokakuun podcastissa, millaista on eettinen kieltenopetus. Maijalan uusin Koneen S\u00e4\u00e4ti\u00f6n rahoittama tutkimus keskittyy mets\u00e4\u00e4n. Ty\u00f6ryhm\u00e4n Mets\u00e4sanoista mets\u00e4tekoihin -tutkimus p\u00e4\u00e4see kunnolla k\u00e4yntiin 2024 alussa.<\/span><span style=\"font-size: 1rem;\"> <a href=\"https:\/\/www.utu.fi\/fi\/ajankohtaista\/podcast\/humanisti-vastaa\">Jakso 8.<\/a> julkaistiin lokakuussa 2023.<\/span><\/p>\n<p><span style=\"font-size: 1rem;\"> <img loading=\"lazy\" decoding=\"async\" class=\"alignnone size-medium wp-image-981\" src=\"https:\/\/dicto.fi\/wp-content\/uploads\/2023\/10\/Ilmari-Ivaska-180x300.jpg\" alt=\"\" width=\"180\" height=\"300\" srcset=\"https:\/\/dicto.fi\/wp-content\/uploads\/2023\/10\/Ilmari-Ivaska-180x300.jpg 180w, https:\/\/dicto.fi\/wp-content\/uploads\/2023\/10\/Ilmari-Ivaska-614x1024.jpg 614w, https:\/\/dicto.fi\/wp-content\/uploads\/2023\/10\/Ilmari-Ivaska-768x1280.jpg 768w, https:\/\/dicto.fi\/wp-content\/uploads\/2023\/10\/Ilmari-Ivaska-921x1536.jpg 921w, https:\/\/dicto.fi\/wp-content\/uploads\/2023\/10\/Ilmari-Ivaska-1228x2048.jpg 1228w, https:\/\/dicto.fi\/wp-content\/uploads\/2023\/10\/Ilmari-Ivaska-scaled.jpg 1535w\" sizes=\"auto, (max-width: 180px) 100vw, 180px\" \/><\/span><\/p>\n<p><span style=\"font-size: 1rem;\">Suomen kielen apulaisprofessori Ilmari Ivaska muistuttaa, ett\u00e4 kielitaidossa k\u00e4ytt\u00f6 edelt\u00e4\u00e4 aina oppimista. Suomi toisena kielen\u00e4 oppimisen asiantuntija on havainnut, ett\u00e4 tilaa puhua suomea annetaan maahanmuuttajille meill\u00e4 kovin v\u00e4h\u00e4n. Jos taidossa on puutteita, keskustelukieli vaihtuu hyvin nopeasti englantiin.<\/span><\/p>\n<p><span style=\"font-size: 1rem;\">Washingtonin yliopistossa Seattlessa Yhdysvalloissa ja Italiassa Bolognassa ja Napolissa aiemmin ty\u00f6skennellyt Ivaska kertoo, miksi kansainv\u00e4lisyys kiinnostaa suomen kielen tutkijaa.\u00a0 <a href=\"https:\/\/www.ts.fi\/teemat\/6169259\">Jakso 9.<\/a> julkaistiin 23. marraskuuta.<\/span><\/p>\n<p><img loading=\"lazy\" decoding=\"async\" class=\"size-medium wp-image-1013\" src=\"https:\/\/dicto.fi\/wp-content\/uploads\/2024\/01\/Pinja-Akkanen-podcast-269x300.jpg\" alt=\"\" width=\"269\" height=\"300\" srcset=\"https:\/\/dicto.fi\/wp-content\/uploads\/2024\/01\/Pinja-Akkanen-podcast-269x300.jpg 269w, https:\/\/dicto.fi\/wp-content\/uploads\/2024\/01\/Pinja-Akkanen-podcast-919x1024.jpg 919w, https:\/\/dicto.fi\/wp-content\/uploads\/2024\/01\/Pinja-Akkanen-podcast-768x856.jpg 768w, https:\/\/dicto.fi\/wp-content\/uploads\/2024\/01\/Pinja-Akkanen-podcast-1378x1536.jpg 1378w, https:\/\/dicto.fi\/wp-content\/uploads\/2024\/01\/Pinja-Akkanen-podcast-1837x2048.jpg 1837w\" sizes=\"auto, (max-width: 269px) 100vw, 269px\" \/><\/p>\n<p>V\u00e4it\u00f6skirjatutkija Pinja Akkanen tutkii somevapaampaa arkea. Podcastissa h\u00e4n antaa vinkkej\u00e4, miten liiallista somenk\u00e4ytt\u00f6\u00e4 saa v\u00e4hennetty\u00e4.<\/p>\n<p>Turun yliopiston Porin yksik\u00f6n digitaalisen kulttuurin opiskelijana Akkanen on valinnut yritt\u00e4j\u00e4kursseja kauppakorkeakoulusta ja journalismia Tampereen yliopistosta. H\u00e4nen mielest\u00e4\u00e4n monipuolinen opintokokonaisuus auttaa erottumaan muista alan opiskelijoista ja kannustaa valintoihin yli tiedekuntarajojen.<\/p>\n<p><a href=\"https:\/\/www.ts.fi\/teemat\/6192370\">Jakso 10.<\/a> julkaistiin 20.12.2023.<\/p>\n<p><span style=\"font-size: 1rem;\">Humanisti vastaa -podcastit ovat kuunneltavissa Spotifyssa, SoundCloudissa sek\u00e4 <a href=\"https:\/\/www.ts.fi\/teemat\/6169259\">Turun Sanomien<\/a> ja <a href=\"https:\/\/www.utu.fi\/fi\/ajankohtaista\/podcast\/humanisti-vastaa\">Turun yliopiston<\/a> verkkosivuilla.<\/span><\/p>\n<p><img loading=\"lazy\" decoding=\"async\" class=\"alignnone size-medium wp-image-1018\" src=\"https:\/\/dicto.fi\/wp-content\/uploads\/2024\/01\/K0oste-2023-300x300.jpg\" alt=\"\" width=\"300\" height=\"300\" \/><\/p>\n<div class=\"news__item news__item--main-content news__item--free-text\">\n<div class=\"paragraph paragraph--type--free-text free-text free-text--default paragraph--view-mode--default\">\n<div class=\"field field__field_item_text free-text__item-text\">\n<\/div>\n<\/div>\n<\/div>\n<\/div>\n<\/div>\n","protected":false},"excerpt":{"rendered":"<p>Humanisti vastaa -podcastissa Turun yliopiston tutkijat vastaavat\u00a0ajankohtaisiin kysymyksiin. Jokaisessa jaksossa on pikavalintateht\u00e4v\u00e4, jossa haastateltavan on valittava kahdesta vaihtoehdosta itselleen l\u00e4heisempi. Jokainen vieras saa vastata my\u00f6s kysymykseen siit\u00e4, mihin h\u00e4n haluaa vaikuttaa yhteiskunnallisessa keskustelussa. Humanisti vastaa -podcastit julkaistaan my\u00f6s Turun Sanomien verkkosivulla ja Spotifyssa. Podcastien taustoista kerrotaan Turun Sanomissa. Humanisti vastaa -sarjan aloitusjaksossa 2023 keskusteltiin Suomen &hellip; <\/p>\n<p class=\"link-more\"><a href=\"https:\/\/dicto.fi\/?page_id=908\" class=\"more-link\">Jatka lukemista<span class=\"screen-reader-text\"> &#8221;Humanisti vastaa -podcast 2023&#8221;<\/span><\/a><\/p>\n","protected":false},"author":1,"featured_media":1014,"parent":0,"menu_order":0,"comment_status":"closed","ping_status":"closed","template":"","meta":{"footnotes":""},"class_list":["post-908","page","type-page","status-publish","has-post-thumbnail","hentry"],"_links":{"self":[{"href":"https:\/\/dicto.fi\/index.php?rest_route=\/wp\/v2\/pages\/908","targetHints":{"allow":["GET"]}}],"collection":[{"href":"https:\/\/dicto.fi\/index.php?rest_route=\/wp\/v2\/pages"}],"about":[{"href":"https:\/\/dicto.fi\/index.php?rest_route=\/wp\/v2\/types\/page"}],"author":[{"embeddable":true,"href":"https:\/\/dicto.fi\/index.php?rest_route=\/wp\/v2\/users\/1"}],"replies":[{"embeddable":true,"href":"https:\/\/dicto.fi\/index.php?rest_route=%2Fwp%2Fv2%2Fcomments&post=908"}],"version-history":[{"count":56,"href":"https:\/\/dicto.fi\/index.php?rest_route=\/wp\/v2\/pages\/908\/revisions"}],"predecessor-version":[{"id":1051,"href":"https:\/\/dicto.fi\/index.php?rest_route=\/wp\/v2\/pages\/908\/revisions\/1051"}],"wp:featuredmedia":[{"embeddable":true,"href":"https:\/\/dicto.fi\/index.php?rest_route=\/wp\/v2\/media\/1014"}],"wp:attachment":[{"href":"https:\/\/dicto.fi\/index.php?rest_route=%2Fwp%2Fv2%2Fmedia&parent=908"}],"curies":[{"name":"wp","href":"https:\/\/api.w.org\/{rel}","templated":true}]}}