{"id":820,"date":"2022-08-31T08:09:50","date_gmt":"2022-08-31T08:09:50","guid":{"rendered":"https:\/\/dicto.fi\/?page_id=820"},"modified":"2023-02-25T13:48:43","modified_gmt":"2023-02-25T13:48:43","slug":"podcast","status":"publish","type":"page","link":"https:\/\/dicto.fi\/?page_id=820","title":{"rendered":"Podcast: Puhetta musiikista ja maailmasta"},"content":{"rendered":"<div class=\"row heading-title hentry\" data-header-style=\"default_minimal\">\n<div class=\"col span_12 section-title blog-title\">\n<h1>Irina Bj\u00f6rklund tekee t\u00f6it\u00e4 luonnon puolesta saarnaamatta \u2013 konsertissaan taiteilija lupaa ymp\u00e4rist\u00f6ahdistuksen tilalle energiaa ja hyv\u00e4\u00e4 mielt\u00e4<span lang=\"FI-FI\" style=\"font-size: 1rem;\">\u00a0<\/span><span style=\"font-size: 1rem;\">\u00a0<\/span><\/h1>\n<div>\n<p lang=\"FI-FI\">TMJ podcast 9.1.2023<\/p>\n<\/div>\n<div>\n<p lang=\"FI-FI\"><strong><span lang=\"FI-FI\">Laulaja, lauluntekij\u00e4, n\u00e4yttelij\u00e4 <\/span><span lang=\"FI-FI\">Irina Bj\u00f6rklund<\/span><span lang=\"FI-FI\"> sanoo, ett\u00e4 jokainen voi vaikuttaa ihmisen ja luonnon tulevaisuuteen. Paitsi henkil\u00f6kohtaisin arjen valinnoin h\u00e4n tekee my\u00f6s taiteessaan t\u00f6it\u00e4 paremman ymp\u00e4rist\u00f6n puolesta.<\/span><\/strong><\/p>\n<p lang=\"FI-FI\"><img loading=\"lazy\" decoding=\"async\" class=\"alignnone size-medium wp-image-895\" src=\"https:\/\/dicto.fi\/wp-content\/uploads\/2023\/01\/Irina-Bjorklund-Teehuone-Helmi-223x300.jpg\" alt=\"\" width=\"223\" height=\"300\" srcset=\"https:\/\/dicto.fi\/wp-content\/uploads\/2023\/01\/Irina-Bjorklund-Teehuone-Helmi-223x300.jpg 223w, https:\/\/dicto.fi\/wp-content\/uploads\/2023\/01\/Irina-Bjorklund-Teehuone-Helmi-762x1024.jpg 762w, https:\/\/dicto.fi\/wp-content\/uploads\/2023\/01\/Irina-Bjorklund-Teehuone-Helmi-768x1032.jpg 768w, https:\/\/dicto.fi\/wp-content\/uploads\/2023\/01\/Irina-Bjorklund-Teehuone-Helmi.jpg 1066w\" sizes=\"auto, (max-width: 223px) 100vw, 223px\" \/><\/p>\n<p lang=\"FI-FI\"><span lang=\"FI-FI\"> Bj\u00f6rklundin <\/span><span lang=\"FI-FI\">Haikuja ihmiskunnalle<\/span><span lang=\"FI-FI\"> -konsertti 10. helmikuuta Turun musiikkijuhlilla on osa kahdeksan konsertin kiertuetta, jolla ker\u00e4t\u00e4\u00e4n varoja puiden istutukseen.\u00a0<\/span><\/p>\n<\/div>\n<div>\n<p lang=\"FI-FI\"><span lang=\"FI-FI\">Haikuja ihmiskunnalle<\/span><span lang=\"FI-FI\"> on musiikillinen ja visuaalinen kokonaisuus, johon liittyy Bj\u00f6rklundin ensimm\u00e4inen kirja. Yhdess\u00e4 muusikko <\/span><span lang=\"FI-FI\">Janne Haaviston<\/span><span lang=\"FI-FI\"> ja graafikko <\/span><span lang=\"FI-FI\">Yann Chapus\u00b4n <\/span><span lang=\"FI-FI\">kanssa julkaistu teos sis\u00e4lt\u00e4\u00e4 haikuja monilla eri kielill\u00e4 sek\u00e4 kansainv\u00e4listen taiteilijoiden ja aktivistien ajatuksia paremman tulevaisuuden puolesta.\u00a0<\/span><\/p>\n<\/div>\n<div>\n<p lang=\"FI-FI\"><span lang=\"FI-FI\">Haikujen inspiroiman musiikin on s\u00e4velt\u00e4nyt The Shubie Brothers.\u00a0Konsertissa kuullaan uuden musiikin lis\u00e4ksi lauluja Bj\u00f6rklundin 2020 julkaisemalta <\/span><span lang=\"FI-FI\">Barely Ann-Mari<\/span><span lang=\"FI-FI\"> -levylt\u00e4. Rauhan teemaa k\u00e4sittelev\u00e4t laulut syntyiv\u00e4t n\u00e4yttelij\u00e4n valmistautuessa kiitetyn <\/span><span lang=\"FI-FI\">Rauhantekij\u00e4<\/span><span lang=\"FI-FI\">-tv-sarjan p\u00e4\u00e4rooliin.<\/span><\/p>\n<\/div>\n<div>\n<p lang=\"FI-FI\"><span lang=\"FI-FI\">Bj\u00f6rklund kertoo <a href=\"https:\/\/open.spotify.com\/episode\/7qrOKi2lU45yq1yOoxyGlv?si=50FoKrxHSf-CQQrBaEufAw\">Puhetta musiikista ja maailmasta<\/a> -podcastissa, ett\u00e4 <\/span><span lang=\"FI-FI\">Rauhantekij\u00e4lle<\/span><span lang=\"FI-FI\"> kirjoitetaan parhaillaan jatkoa, joka liittyy Ven\u00e4j\u00e4n sotaan Ukrainassa. Sarjan toisen tuotantokauden kuvausten on n\u00e4yttelij\u00e4n mukaan m\u00e4\u00e4r\u00e4 alkaa ensi syksyn\u00e4.<\/span><\/p>\n<p lang=\"FI-FI\"><img loading=\"lazy\" decoding=\"async\" class=\"alignnone size-medium wp-image-897\" src=\"https:\/\/dicto.fi\/wp-content\/uploads\/2023\/01\/irina-Bjorklund-3-300x300.webp\" alt=\"\" width=\"300\" height=\"300\" srcset=\"https:\/\/dicto.fi\/wp-content\/uploads\/2023\/01\/irina-Bjorklund-3-300x300.webp 300w, https:\/\/dicto.fi\/wp-content\/uploads\/2023\/01\/irina-Bjorklund-3-1024x1024.webp 1024w, https:\/\/dicto.fi\/wp-content\/uploads\/2023\/01\/irina-Bjorklund-3-150x150.webp 150w, https:\/\/dicto.fi\/wp-content\/uploads\/2023\/01\/irina-Bjorklund-3-768x768.webp 768w, https:\/\/dicto.fi\/wp-content\/uploads\/2023\/01\/irina-Bjorklund-3-100x100.webp 100w, https:\/\/dicto.fi\/wp-content\/uploads\/2023\/01\/irina-Bjorklund-3.webp 1440w\" sizes=\"auto, (max-width: 300px) 100vw, 300px\" \/><\/p>\n<\/div>\n<div>\n<p lang=\"FI-FI\"><span lang=\"FI-FI\">Konsertin vakavista teemoista huolimatta Bj\u00f6rklund\u00a0lupaa yleis\u00f6lle energiaa ja hyv\u00e4\u00e4 mielt\u00e4.\u00a0<\/span><\/p>\n<\/div>\n<div>\n<p lang=\"FI-FI\"><span lang=\"FI-FI\">\u201cOlen huomannut, ett\u00e4 on hirve\u00e4n vaikea saada ihmisi\u00e4 liikkeelle, kun kyseess\u00e4 on luonnon puolesta hyv\u00e4ntekev\u00e4isyysjuttu. Haluan alleviivata, ett\u00e4 me ei paasata vaan tehd\u00e4\u00e4n hyv\u00e4n fiiliksen kautta. Pystymme vaikuttamaan huomiseen. Tehd\u00e4\u00e4n se yhdess\u00e4.\u201d<\/span><\/p>\n<\/div>\n<div>\n<p lang=\"FI-FI\">\n<\/div>\n<div>\n<p lang=\"FI-FI\"><span lang=\"FI-FI\">Podcastissa Bj\u00f6rklund lukee yhden kirjoittamistaan haikuista nelj\u00e4ll\u00e4 itselleen l\u00e4heisell\u00e4 kielell\u00e4; suomeksi, englanniksi, ruotsiksi ja ranskaksi.<\/span><\/p>\n<\/div>\n<div>\n<p lang=\"FI-FI\"><span lang=\"FI-FI\">Haastattelu taltioitiin vanhassa Porvoossa Teehuone Helmess\u00e4, jonne Ranskassa asuva taiteilija saapui joulunvietosta saaristossa.<\/span><\/p>\n<div dir=\"auto\">TMJ-podccast on kuunneltavissa <a href=\"https:\/\/turunmusiikkijuhlat.fi\">Turun\u00a0 musiikkijuhlien nettisivulta<\/a><\/div>\n<div dir=\"auto\">ja\u00a0<a href=\"https:\/\/open.spotify.com\/episode\/7qrOKi2lU45yq1yOoxyGlv?si=50FoKrxHSf-CQQrBaEufAw\">Spotifyst<\/a>a.<\/div>\n<\/div>\n<h1>Sopraano Tuuli Takala uskoo musiikin voimaan tuoda ihmisi\u00e4 yhteen ja toivoo kulttuurille vahvaa asemaa arkeen<\/h1>\n<p>TMJ-podcast 15.11.2022<\/p>\n<p><strong>Kansainv\u00e4lisesti arvostetun sopraanon Tuuli Takalan kauteen on j\u00e4lleen mahtunut sek\u00e4 rooli- ett\u00e4 oopperatalodebyyttej\u00e4. Dresdenin Semperoperin solistikuntaan vuodesta 2015 kuulunut laulaja nauttii Saksassa siit\u00e4, miten vahvasti kulttuuri on l\u00e4sn\u00e4 ihmisten arjessa.<\/strong><\/p>\n<p><strong>1987 syntynyt Takala on voittanut Suomessa sek\u00e4 Timo Mustakallio ett\u00e4 Kangasniemen laulukilpailut ja menestynyt kansainv\u00e4lisiss\u00e4 laulukilpailuissa.<\/strong><\/p>\n<p><img loading=\"lazy\" decoding=\"async\" class=\"alignnone size-medium wp-image-889\" src=\"https:\/\/dicto.fi\/wp-content\/uploads\/2022\/11\/Tuulia-Takala-podcast-263x300.jpg\" alt=\"\" width=\"263\" height=\"300\" srcset=\"https:\/\/dicto.fi\/wp-content\/uploads\/2022\/11\/Tuulia-Takala-podcast-263x300.jpg 263w, https:\/\/dicto.fi\/wp-content\/uploads\/2022\/11\/Tuulia-Takala-podcast-899x1024.jpg 899w, https:\/\/dicto.fi\/wp-content\/uploads\/2022\/11\/Tuulia-Takala-podcast-768x875.jpg 768w, https:\/\/dicto.fi\/wp-content\/uploads\/2022\/11\/Tuulia-Takala-podcast-1349x1536.jpg 1349w, https:\/\/dicto.fi\/wp-content\/uploads\/2022\/11\/Tuulia-Takala-podcast-1798x2048.jpg 1798w\" sizes=\"auto, (max-width: 263px) 100vw, 263px\" \/><\/p>\n<p>Puhetta musiikista ja maailmasta -podcastissa h\u00e4n kertoo, miten kansainv\u00e4lisess\u00e4 laulukilpailussa saatu erikoispalkinto on merkinnyt taiteilijan uralle. Dresdenin oopperaa eli kotitaloaan laulaja vertaa urheilutermein kasvattajaseuraan, joka kehitti uran alkuvaiheessa ollutta taiteilijaa monipuolisesti.<\/p>\n<p>Podcastissa haetaan vastausta my\u00f6s siihen, mik\u00e4 musiikissa on t\u00e4rkeint\u00e4. Tuuli Takalalle mieleen nousee heti kaksi asiaa: tunteet ja inhimillisyys.<br \/>\n&#8211; Musiikki on upealla tavalla globaali yhteinen kieli. Sill\u00e4 on voima tuoda ihmisi\u00e4 yhteen, lohduttaa, tuoda valoa ja uusia ajatuksia, Takala kuvaa.<\/p>\n<p><img loading=\"lazy\" decoding=\"async\" class=\"alignnone size-medium wp-image-890\" src=\"https:\/\/dicto.fi\/wp-content\/uploads\/2022\/11\/Tuuli-Takala-225x300.jpg\" alt=\"\" width=\"225\" height=\"300\" srcset=\"https:\/\/dicto.fi\/wp-content\/uploads\/2022\/11\/Tuuli-Takala-225x300.jpg 225w, https:\/\/dicto.fi\/wp-content\/uploads\/2022\/11\/Tuuli-Takala-768x1024.jpg 768w, https:\/\/dicto.fi\/wp-content\/uploads\/2022\/11\/Tuuli-Takala-1152x1536.jpg 1152w, https:\/\/dicto.fi\/wp-content\/uploads\/2022\/11\/Tuuli-Takala-1536x2048.jpg 1536w, https:\/\/dicto.fi\/wp-content\/uploads\/2022\/11\/Tuuli-Takala-scaled.jpg 1920w\" sizes=\"auto, (max-width: 225px) 100vw, 225px\" \/><br \/>\nSuuren el\u00e4m\u00e4nmuutoksen kynnyksell\u00e4 Takala kokee el\u00e4v\u00e4ns\u00e4 taiteilijana seesteist\u00e4 aikaa. Joulun j\u00e4lkeen \u00e4itiyslomalle j\u00e4\u00e4v\u00e4n laulajan suunnitelmissa on palata konserttilavoilla loppukev\u00e4\u00e4st\u00e4. Ensi kes\u00e4n\u00e4 Takalaa kuullaan Savonlinnan Oopperajuhlilla Taikahuilun Paminana.<br \/>\nPuhetta musiikista ja maailmasta -podcastin tuottaa Turun musiikkijuhlat. Se on kuunneltavissa <a href=\"https:\/\/open.spotify.com\/show\/59KRtSg0WbXgbQhEvoK1OU\">Spotifyssa<\/a>.<\/p>\n<p>Podcastin toimittaa Turun yliopiston humanistisen tiedekunnan ty\u00f6el\u00e4m\u00e4professori Riitta Monto.<\/p>\n<h1>Laulun suurl\u00e4hettil\u00e4s, baritoni Thomas Hampson: \u201dTaiteessa ei ole mit\u00e4\u00e4n elitistist\u00e4\u201d<\/h1>\n<div data-hide-on-mobile=\"false\">TMJ-podcast 18.10.2022<\/div>\n<div data-hide-on-mobile=\"false\"><\/div>\n<\/div>\n<\/div>\n<div class=\"row\">\n<div class=\"post-area col span_12 col_last\" role=\"main\">\n<article id=\"post-9066\" class=\"post-9066 post type-post status-publish format-standard category-blogi\">\n<div class=\"inner-wrap\">\n<div class=\"post-content\" data-hide-featured-media=\"1\">\n<div class=\"content-inner\">\n<div id=\"fws_6354fd9296559\" class=\"wpb_row vc_row-fluid vc_row\" data-column-margin=\"default\" data-midnight=\"dark\">\n<div class=\"row-bg-wrap\" data-bg-animation=\"none\" data-bg-animation-delay=\"\" data-bg-overlay=\"false\">\n<div class=\"inner-wrap row-bg-layer\">\n<div class=\"row-bg viewport-desktop\"><img loading=\"lazy\" decoding=\"async\" class=\"alignnone size-medium wp-image-832\" src=\"https:\/\/dicto.fi\/wp-content\/uploads\/2022\/08\/Thomas-Hampson-ja-koira-225x300.jpg\" alt=\"\" width=\"225\" height=\"300\" srcset=\"https:\/\/dicto.fi\/wp-content\/uploads\/2022\/08\/Thomas-Hampson-ja-koira-225x300.jpg 225w, https:\/\/dicto.fi\/wp-content\/uploads\/2022\/08\/Thomas-Hampson-ja-koira-768x1024.jpg 768w, https:\/\/dicto.fi\/wp-content\/uploads\/2022\/08\/Thomas-Hampson-ja-koira-1152x1536.jpg 1152w, https:\/\/dicto.fi\/wp-content\/uploads\/2022\/08\/Thomas-Hampson-ja-koira-1536x2048.jpg 1536w, https:\/\/dicto.fi\/wp-content\/uploads\/2022\/08\/Thomas-Hampson-ja-koira-scaled.jpg 1920w\" sizes=\"auto, (max-width: 225px) 100vw, 225px\" \/><\/div>\n<\/div>\n<\/div>\n<div class=\"row_col_wrap_12 col span_12 dark left\">\n<div class=\"vc_col-sm-12 wpb_column column_container vc_column_container col no-extra-padding inherit_tablet inherit_phone \" data-padding-pos=\"all\" data-has-bg-color=\"false\" data-bg-color=\"\" data-bg-opacity=\"1\" data-animation=\"\" data-delay=\"0\">\n<div class=\"vc_column-inner\">\n<div class=\"wpb_wrapper\">\n<div class=\"img-with-aniamtion-wrap \" data-max-width=\"100%\" data-max-width-mobile=\"default\" data-shadow=\"none\" data-animation=\"none\">\n<div class=\"inner\">\n<div class=\"hover-wrap\">\n<div class=\"hover-wrap-inner\"><\/div>\n<\/div>\n<\/div>\n<\/div>\n<div class=\"wpb_text_column wpb_content_element \">\n<div class=\"wpb_wrapper\">\n<p><strong>Puhetta musiikista ja maailmasta -podcastissa tavataan it\u00e4valtalaistunut baritoni Thomas Hampson. Amerikkalaislaulajalle musiikissa t\u00e4rkeint\u00e4 on totuus, ja h\u00e4n haluaa edist\u00e4\u00e4 kulttuurin saavutettavuutta. Elitismi ja taide eiv\u00e4t Hampsonin puheessa mahdu samaan lauseeseen.<\/strong><\/p>\n<\/div>\n<\/div>\n<div class=\"wpb_text_column wpb_content_element \">\n<div class=\"wpb_wrapper\">\n<p>Turun musiikkijuhlien Songs of America -konsertissa laulaja tarjoili elokuussa yleis\u00f6lle uusia s\u00e4vellyksi\u00e4 ja uutta lyriikkaa, koska pit\u00e4\u00e4 t\u00e4rke\u00e4n\u00e4 uuden amerikkalaisen musiikin esitt\u00e4mist\u00e4: \u201cYhdysvalloissa kysyt\u00e4\u00e4n usein, kuka on meid\u00e4n Brahmsimme, Schubertimme, Sibeliuksemme. Kysymys on t\u00e4ysin v\u00e4\u00e4r\u00e4.\u201d<\/p>\n<p>Konsertin ohjelmistossa oli my\u00f6s Mahleria, jolle Hampson (s. 1955) on pyhitt\u00e4nyt suuren osan urastaan. Konsertoinnin ohella aktiivisesti opettava taiteilija j\u00e4rjesti koronapandemian aikaan viime kev\u00e4\u00e4n\u00e4 kokonaisen Mahler-kuukauden netiss\u00e4.<\/p>\n<p>Podcastissa Hampson kertoo, millaisena laulaja kuulee oman \u00e4\u00e4nens\u00e4, miksi saksan kieli on h\u00e4nelle erityisen l\u00e4heinen ja miten ohjelmisto kapellimestari Klaus M\u00e4kel\u00e4n ja Turun musiikkijuhlien toimitusjohtajan Liisa Ketom\u00e4en kanssa syntyi.<\/p>\n<p>Hampson korostaa koulutuksen t\u00e4rkeytt\u00e4, kantaa huolta musiikin opetuksen v\u00e4henemisest\u00e4 ja taiteen asemasta yhteiskunnassa: \u201cPoliittinen think tank ilman, ett\u00e4 taide on sen ytimess\u00e4, on merkitykset\u00f6nt\u00e4.\u201d<\/p>\n<p>Laulaja muistuttaa, ettei ole poliitikko, mutta Ven\u00e4j\u00e4n sota Ukrainassa saa h\u00e4net puuskahtamaan: \u201cPutinin toiminta on rikollista kaikilla tasoilla!\u201d<\/p>\n<p><img loading=\"lazy\" decoding=\"async\" class=\"alignnone size-medium wp-image-833\" src=\"https:\/\/dicto.fi\/wp-content\/uploads\/2022\/08\/Thomas-Hampson-peili-300x225.jpg\" alt=\"\" width=\"300\" height=\"225\" srcset=\"https:\/\/dicto.fi\/wp-content\/uploads\/2022\/08\/Thomas-Hampson-peili-300x225.jpg 300w, https:\/\/dicto.fi\/wp-content\/uploads\/2022\/08\/Thomas-Hampson-peili-1024x768.jpg 1024w, https:\/\/dicto.fi\/wp-content\/uploads\/2022\/08\/Thomas-Hampson-peili-768x576.jpg 768w, https:\/\/dicto.fi\/wp-content\/uploads\/2022\/08\/Thomas-Hampson-peili-1536x1152.jpg 1536w, https:\/\/dicto.fi\/wp-content\/uploads\/2022\/08\/Thomas-Hampson-peili-2048x1536.jpg 2048w\" sizes=\"auto, (max-width: 300px) 100vw, 300px\" \/><\/p>\n<p>Puhetta musiikista ja maailmasta -podcast taltioitiin elokuussa 2022 ennen baritonin Songs of America -konserttia Turun musiikkijuhlilla.<br \/>\nHaastattelu on englanninkielinen.<\/p>\n<p>Podcast on kuunneltavissa <a href=\"https:\/\/open.spotify.com\/show\/59KRtSg0WbXgbQhEvoK1OU\">Spotifyssa<\/a>.<\/p>\n<p>Podcastin toimittaa Turun yliopiston humanistisen tiedekunnan ty\u00f6el\u00e4m\u00e4professori, toimittaja Riitta Monto.<\/p>\n<div>\n<div><span style=\"font-size: 1rem;\">#puhettamusiikistajamaailmasta #podcast #turunmusiikkijuhlat #kulttuuri<\/span><\/div>\n<div><\/div>\n<div><\/div>\n<\/div>\n<\/div>\n<\/div>\n<\/div>\n<\/div>\n<\/div>\n<\/div>\n<\/div>\n<\/div>\n<\/div>\n<\/div>\n<\/article>\n<\/div>\n<\/div>\n<div class=\"row heading-title hentry\" data-header-style=\"default_minimal\">\n<div class=\"col span_12 section-title blog-title\">\n<div id=\"single-below-header\" data-hide-on-mobile=\"false\"><span style=\"font-size: 1.5rem;\">Sellisti Senja Rummukainen kokee el\u00e4v\u00e4ns\u00e4 kuin kultakautta &#8211; kiitoksen siit\u00e4 muusikko antaa italialaiselle arvosoittimelleen<\/span><\/div>\n<div data-hide-on-mobile=\"false\">TMJ-podcast 20.9.2022<\/div>\n<div data-hide-on-mobile=\"false\"><\/div>\n<\/div>\n<\/div>\n<div dir=\"auto\"><\/div>\n<div dir=\"auto\">\n<p><img loading=\"lazy\" decoding=\"async\" class=\"size-medium wp-image-828\" style=\"font-weight: bold; color: #666666; font-size: 0.8125rem; font-style: italic;\" src=\"https:\/\/dicto.fi\/wp-content\/uploads\/2022\/08\/Senja-Rummukainen-podcast-225x300.jpg\" alt=\"\" width=\"225\" height=\"300\" srcset=\"https:\/\/dicto.fi\/wp-content\/uploads\/2022\/08\/Senja-Rummukainen-podcast-225x300.jpg 225w, https:\/\/dicto.fi\/wp-content\/uploads\/2022\/08\/Senja-Rummukainen-podcast-768x1024.jpg 768w, https:\/\/dicto.fi\/wp-content\/uploads\/2022\/08\/Senja-Rummukainen-podcast-1152x1536.jpg 1152w, https:\/\/dicto.fi\/wp-content\/uploads\/2022\/08\/Senja-Rummukainen-podcast-1536x2048.jpg 1536w, https:\/\/dicto.fi\/wp-content\/uploads\/2022\/08\/Senja-Rummukainen-podcast-scaled.jpg 1920w\" sizes=\"auto, (max-width: 225px) 100vw, 225px\" \/><\/p>\n<p><span style=\"font-size: 1rem;\">Puhetta musiikista ja maailmasta -podcastissa tavataan Berliiniss\u00e4 asuva 27-vuotias sellisti <strong>Senja Rummukainen<\/strong>. Rummukaisen uraan mahtuu monia merkitt\u00e4vi\u00e4 saavutuksia: valtakunnallisen Turun sellokilpailun h\u00e4n voitti vuonna 2014 ja on soittanut tiens\u00e4 finaaliin my\u00f6s kansainv\u00e4lisiss\u00e4 kilpailuissa.<\/span><\/p>\n<p><span style=\"font-size: 1rem;\">Podcastissa Rummukainen kertoo muusikon ja soittimen t\u00e4rke\u00e4st\u00e4 suhteesta. Vuoden 2022 alussa h\u00e4n sai soittimekseen OP Taides\u00e4\u00e4ti\u00f6n omistaman Giovanni Grancino -sellon vuodelta 1698.<\/span><\/p>\n<p><img loading=\"lazy\" decoding=\"async\" class=\"size-medium wp-image-829\" src=\"https:\/\/dicto.fi\/wp-content\/uploads\/2022\/08\/Senja-Rummukainen-soittokuva-4-225x300.jpg\" alt=\"\" width=\"225\" height=\"300\" srcset=\"https:\/\/dicto.fi\/wp-content\/uploads\/2022\/08\/Senja-Rummukainen-soittokuva-4-225x300.jpg 225w, https:\/\/dicto.fi\/wp-content\/uploads\/2022\/08\/Senja-Rummukainen-soittokuva-4-768x1024.jpg 768w, https:\/\/dicto.fi\/wp-content\/uploads\/2022\/08\/Senja-Rummukainen-soittokuva-4-1152x1536.jpg 1152w, https:\/\/dicto.fi\/wp-content\/uploads\/2022\/08\/Senja-Rummukainen-soittokuva-4-1536x2048.jpg 1536w, https:\/\/dicto.fi\/wp-content\/uploads\/2022\/08\/Senja-Rummukainen-soittokuva-4-scaled.jpg 1920w\" sizes=\"auto, (max-width: 225px) 100vw, 225px\" \/><\/p>\n<p><span style=\"font-size: 1rem;\">Totuttelu italialaiseen arvosoittimeen vie aikaa, mutta jo nyt sellisti kokee el\u00e4v\u00e4ns\u00e4 soittajana kuin kultakautta Grancinon ansiosta.<\/span><\/p>\n<figure id=\"attachment_862\" aria-describedby=\"caption-attachment-862\" style=\"width: 225px\" class=\"wp-caption alignnone\"><img loading=\"lazy\" decoding=\"async\" class=\"size-medium wp-image-862\" src=\"https:\/\/dicto.fi\/wp-content\/uploads\/2022\/10\/Senja-Rummukainen-soittokuva-1-225x300.jpg\" alt=\"\" width=\"225\" height=\"300\" srcset=\"https:\/\/dicto.fi\/wp-content\/uploads\/2022\/10\/Senja-Rummukainen-soittokuva-1-225x300.jpg 225w, https:\/\/dicto.fi\/wp-content\/uploads\/2022\/10\/Senja-Rummukainen-soittokuva-1-768x1024.jpg 768w, https:\/\/dicto.fi\/wp-content\/uploads\/2022\/10\/Senja-Rummukainen-soittokuva-1-1152x1536.jpg 1152w, https:\/\/dicto.fi\/wp-content\/uploads\/2022\/10\/Senja-Rummukainen-soittokuva-1-1536x2048.jpg 1536w, https:\/\/dicto.fi\/wp-content\/uploads\/2022\/10\/Senja-Rummukainen-soittokuva-1-scaled.jpg 1920w\" sizes=\"auto, (max-width: 225px) 100vw, 225px\" \/><figcaption id=\"caption-attachment-862\" class=\"wp-caption-text\">Senja Rummukaisen italialainen soitin on vuodelta 1698.<\/figcaption><\/figure>\n<p>Turun musiikkijuhlien podcastin Puhetta musiikista ja maailmasta voi kuunnella <a href=\"https:\/\/open.spotify.com\/episode\/67tvwaNAw94htAvLQ4efqy?go=1&amp;sp_cid=a8ee193b6d968369f6512d3d2ce675fb&amp;utm_source=embed_player_p&amp;utm_medium=desktop&amp;nd=1\">Spotifyssa<\/a>.<\/p>\n<div class=\"Type__TypeElement-goli3j-0 jsusuc wuGkmgD03o8t6Ekc6PUk\">\n<div class=\"xgmjVLxjqfcXK5BV_XyN\">Oslon filharmonisen orkesterin soolosellistin\u00e4 s\u00e4\u00e4nn\u00f6llisesti vieraileva Rummukainen on soittanut kaikkien Suomen t\u00e4rkeimpien orkesterien solistina.<\/div>\n<div class=\"xgmjVLxjqfcXK5BV_XyN\">Todelliseksi t\u00e4htihetkeksi h\u00e4n luonnehtii debytointia BBC:n sinfoniaorkesterin solistina Lontoossa viime kev\u00e4\u00e4n\u00e4. Konsertin kapellimestarina oli Sakari Oramo. Elgarin sellokonserttoa BBC:n orkesteri soitti sellistin mielest\u00e4 ainutlaatuisen sielukkaasti.<\/div>\n<div><\/div>\n<div><img loading=\"lazy\" decoding=\"async\" class=\"alignnone size-medium wp-image-864\" src=\"https:\/\/dicto.fi\/wp-content\/uploads\/2022\/10\/Senja-Rummukainen-soittokuva-3-225x300.jpg\" alt=\"\" width=\"225\" height=\"300\" srcset=\"https:\/\/dicto.fi\/wp-content\/uploads\/2022\/10\/Senja-Rummukainen-soittokuva-3-225x300.jpg 225w, https:\/\/dicto.fi\/wp-content\/uploads\/2022\/10\/Senja-Rummukainen-soittokuva-3-768x1024.jpg 768w, https:\/\/dicto.fi\/wp-content\/uploads\/2022\/10\/Senja-Rummukainen-soittokuva-3-1152x1536.jpg 1152w, https:\/\/dicto.fi\/wp-content\/uploads\/2022\/10\/Senja-Rummukainen-soittokuva-3-1536x2048.jpg 1536w, https:\/\/dicto.fi\/wp-content\/uploads\/2022\/10\/Senja-Rummukainen-soittokuva-3-scaled.jpg 1920w\" sizes=\"auto, (max-width: 225px) 100vw, 225px\" \/><\/div>\n<div><\/div>\n<div class=\"xgmjVLxjqfcXK5BV_XyN\">Rummukainen pohtii, ett\u00e4 kulttuurin t\u00e4rke\u00e4 merkitys unohdettiin koronapandemian aikana, kun kulttuuritapahtumat suljettiin hetkess\u00e4 kokonaan.<\/div>\n<div class=\"xgmjVLxjqfcXK5BV_XyN\">Moni muusikko menetti ty\u00f6ns\u00e4 yll\u00e4tt\u00e4en.\u201cOli j\u00e4rkytys, miten isokin ala voidaan unohtaa ja miten se olikin yht\u00e4kki\u00e4 niin mit\u00e4t\u00f6nt\u00e4\u201d, Rummukainen sanoo kovista koronarajoituksista.<\/div>\n<div class=\"xgmjVLxjqfcXK5BV_XyN\">H\u00e4nen mielest\u00e4\u00e4n sulkujen j\u00e4lkeen kulttuurin arvostus tuntuu kuitenkin kasvaneen.<\/div>\n<\/div>\n<\/div>\n<div><\/div>\n<div dir=\"auto\">\n<div class=\"Type__TypeElement-goli3j-0 jsusuc wuGkmgD03o8t6Ekc6PUk\">\n<div><img loading=\"lazy\" decoding=\"async\" class=\"alignnone size-medium wp-image-867\" src=\"https:\/\/dicto.fi\/wp-content\/uploads\/2022\/10\/Rummukainen-225x300.jpg\" alt=\"\" width=\"225\" height=\"300\" srcset=\"https:\/\/dicto.fi\/wp-content\/uploads\/2022\/10\/Rummukainen-225x300.jpg 225w, https:\/\/dicto.fi\/wp-content\/uploads\/2022\/10\/Rummukainen-768x1024.jpg 768w, https:\/\/dicto.fi\/wp-content\/uploads\/2022\/10\/Rummukainen-1152x1536.jpg 1152w, https:\/\/dicto.fi\/wp-content\/uploads\/2022\/10\/Rummukainen-1536x2048.jpg 1536w, https:\/\/dicto.fi\/wp-content\/uploads\/2022\/10\/Rummukainen-scaled.jpg 1920w\" sizes=\"auto, (max-width: 225px) 100vw, 225px\" \/><\/div>\n<div><\/div>\n<div class=\"xgmjVLxjqfcXK5BV_XyN\">Puhetta musiikista ja maailmasta -podcast taltioitiin elokuussa, jolloin Senja Rummukainen soitti Turun musiikkijuhlilla nelj\u00e4ss\u00e4 konsertissa eri kokoonpanoilla.<\/div>\n<div><\/div>\n<div class=\"xgmjVLxjqfcXK5BV_XyN\">Podcastin toimittaa Turun yliopiston humanistisen tiedekunnan ty\u00f6el\u00e4m\u00e4professori, toimittaja Riitta Monto.<\/div>\n<div><\/div>\n<div>\n<figure id=\"attachment_863\" aria-describedby=\"caption-attachment-863\" style=\"width: 300px\" class=\"wp-caption alignnone\"><img loading=\"lazy\" decoding=\"async\" class=\"size-medium wp-image-863\" src=\"https:\/\/dicto.fi\/wp-content\/uploads\/2022\/10\/Senja-Rummukainen-soittokuva-2-300x225.jpg\" alt=\"\" width=\"300\" height=\"225\" srcset=\"https:\/\/dicto.fi\/wp-content\/uploads\/2022\/10\/Senja-Rummukainen-soittokuva-2-300x225.jpg 300w, https:\/\/dicto.fi\/wp-content\/uploads\/2022\/10\/Senja-Rummukainen-soittokuva-2-1024x768.jpg 1024w, https:\/\/dicto.fi\/wp-content\/uploads\/2022\/10\/Senja-Rummukainen-soittokuva-2-768x576.jpg 768w, https:\/\/dicto.fi\/wp-content\/uploads\/2022\/10\/Senja-Rummukainen-soittokuva-2-1536x1152.jpg 1536w, https:\/\/dicto.fi\/wp-content\/uploads\/2022\/10\/Senja-Rummukainen-soittokuva-2-2048x1536.jpg 2048w\" sizes=\"auto, (max-width: 300px) 100vw, 300px\" \/><figcaption id=\"caption-attachment-863\" class=\"wp-caption-text\">Podcast-haastatteluun Senja Rummukainen tuli suoraan Sigyn-salista. Maxwell Daviesin Eight Songs for a Mad King -kulttiteoksen harjoituksista.<\/figcaption><\/figure>\n<\/div>\n<\/div>\n<div>\n<div><\/div>\n<\/div>\n<div class=\"Type__TypeElement-goli3j-0 jsusuc wuGkmgD03o8t6Ekc6PUk\">\n<div>#puhettamusiikistajamaailmasta #podcast #turunmusiikkijuhlat #kulttuuri<\/div>\n<div><\/div>\n<div><\/div>\n<div><\/div>\n<\/div>\n<\/div>\n<div dir=\"auto\"><\/div>\n<div dir=\"auto\">\n<h1 dir=\"auto\">Turun musiikkijuhlien uuden podcastin ensimm\u00e4inen vieras, pianisti Paavali Jumppanen kouluttaa tulevaisuuden muusikoita<\/h1>\n<p>TMJ-podcast 26.8.2022<\/p>\n<figure id=\"attachment_824\" aria-describedby=\"caption-attachment-824\" style=\"width: 225px\" class=\"wp-caption alignnone\"><img loading=\"lazy\" decoding=\"async\" class=\"size-medium wp-image-824\" src=\"https:\/\/dicto.fi\/wp-content\/uploads\/2022\/08\/Paavali-Jumppanen-flyygeli-laaja-225x300.jpg\" alt=\"\" width=\"225\" height=\"300\" srcset=\"https:\/\/dicto.fi\/wp-content\/uploads\/2022\/08\/Paavali-Jumppanen-flyygeli-laaja-225x300.jpg 225w, https:\/\/dicto.fi\/wp-content\/uploads\/2022\/08\/Paavali-Jumppanen-flyygeli-laaja-768x1024.jpg 768w, https:\/\/dicto.fi\/wp-content\/uploads\/2022\/08\/Paavali-Jumppanen-flyygeli-laaja-1152x1536.jpg 1152w, https:\/\/dicto.fi\/wp-content\/uploads\/2022\/08\/Paavali-Jumppanen-flyygeli-laaja-1536x2048.jpg 1536w, https:\/\/dicto.fi\/wp-content\/uploads\/2022\/08\/Paavali-Jumppanen-flyygeli-laaja-scaled.jpg 1920w\" sizes=\"auto, (max-width: 225px) 100vw, 225px\" \/><figcaption id=\"caption-attachment-824\" class=\"wp-caption-text\">Pianisti Paavali Jumppanen konsertoi elokuussa 2022 Paimion parantolassa.<\/figcaption><\/figure>\n<p><strong><span style=\"color: #000000; font-size: 1rem;\">Australian National Academy of Musicin taiteellista johtajaa kiehtoo think globally, act locally -l\u00e4ht\u00f6kohta. Tapasin Paavali Jumppasen Paimiossa p\u00e4iv\u00e4\u00e4 ennen parantolamilj\u00f6\u00f6seen hienosti sopivaa arkkitehtuuriteemaista konserttia.<\/span><\/strong><\/p>\n<div dir=\"auto\">\n<div><span style=\"color: #000000;\">Perheen koti on t\u00e4ll\u00e4 hetkell\u00e4 Melbournessa, mist\u00e4 Jumppanen saapui kes\u00e4ll\u00e4 johtamaan monitaiteista V\u00e4yl\u00e4festivaalia Tornionlaaksossa ja Turun musiikkijuhlille arkkitehtuuriteemaiseen konserttiin Paimion parantolassa.<\/span><\/div>\n<div><\/div>\n<div><\/div>\n<div><img loading=\"lazy\" decoding=\"async\" class=\"alignnone size-medium wp-image-822\" src=\"https:\/\/dicto.fi\/wp-content\/uploads\/2022\/08\/Paavali-Jumppanen-Paimion-parantolassa-267x300.jpg\" alt=\"\" width=\"267\" height=\"300\" srcset=\"https:\/\/dicto.fi\/wp-content\/uploads\/2022\/08\/Paavali-Jumppanen-Paimion-parantolassa-267x300.jpg 267w, https:\/\/dicto.fi\/wp-content\/uploads\/2022\/08\/Paavali-Jumppanen-Paimion-parantolassa-912x1024.jpg 912w, https:\/\/dicto.fi\/wp-content\/uploads\/2022\/08\/Paavali-Jumppanen-Paimion-parantolassa-768x862.jpg 768w, https:\/\/dicto.fi\/wp-content\/uploads\/2022\/08\/Paavali-Jumppanen-Paimion-parantolassa-1368x1536.jpg 1368w, https:\/\/dicto.fi\/wp-content\/uploads\/2022\/08\/Paavali-Jumppanen-Paimion-parantolassa-1824x2048.jpg 1824w\" sizes=\"auto, (max-width: 267px) 100vw, 267px\" \/><\/div>\n<div><\/div>\n<div><span style=\"color: #000000;\">Podcast taltioitiin konserttipaikassa, Alvar ja Aino Aallon rakennuksessa, joka Jumppasen mielest\u00e4 on valtava <\/span><span style=\"color: #000000;\">satsaus ihmisiin riipaisevan kauniilla tavalla.<\/span><\/div>\n<div><\/div>\n<div>Laaja-alaisesti n\u00e4kemyksellinen pianisti uskoo, ett\u00e4 taide l\u00f6yt\u00e4\u00e4 yhteiskunnassa aina v\u00e4yl\u00e4ns\u00e4, mutta muistuttaa, ett\u00e4 taiteilijoiden koulutuksesta ja asemasta on Suomessa pidett\u00e4v\u00e4 huolta.<\/div>\n<div><\/div>\n<div><\/div>\n<div><img loading=\"lazy\" decoding=\"async\" class=\"alignnone size-medium wp-image-826\" src=\"https:\/\/dicto.fi\/wp-content\/uploads\/2022\/08\/Paavali-ja-flyygeli-11082022-214x300.jpg\" alt=\"\" width=\"214\" height=\"300\" srcset=\"https:\/\/dicto.fi\/wp-content\/uploads\/2022\/08\/Paavali-ja-flyygeli-11082022-214x300.jpg 214w, https:\/\/dicto.fi\/wp-content\/uploads\/2022\/08\/Paavali-ja-flyygeli-11082022.jpg 565w\" sizes=\"auto, (max-width: 214px) 100vw, 214px\" \/><\/div>\n<div><\/div>\n<div>Podcastissa Jumppanen paljastaa, mik\u00e4 musiikissa on h\u00e4nelle kaikkein t\u00e4rkeint\u00e4, mit\u00e4 h\u00e4n ajattelee konserttikritiikeist\u00e4 ja mit\u00e4 klassisen musiikin kent\u00e4ll\u00e4 tarkoitetaan ovimies-indeksill\u00e4.<\/div>\n<div><\/div>\n<div><span style=\"font-size: 1rem;\">Turun musiikkijuhlien Puhetta musiikista ja maailmasta -podcast on kuunneltavissa <\/span><a style=\"font-size: 1rem;\" href=\"https:\/\/open.spotify.com\/show\/59KRtSg0WbXgbQhEvoK1OU\">Spotifyssa.<\/a><\/div>\n<div>\n<div dir=\"auto\"><\/div>\n<\/div>\n<\/div>\n<div dir=\"auto\"><\/div>\n<div dir=\"auto\">\n<figure id=\"attachment_823\" aria-describedby=\"caption-attachment-823\" style=\"width: 300px\" class=\"wp-caption alignnone\"><img loading=\"lazy\" decoding=\"async\" class=\"size-medium wp-image-823\" src=\"https:\/\/dicto.fi\/wp-content\/uploads\/2022\/08\/Paavali-Jumppanen-podcast-300x243.jpg\" alt=\"\" width=\"300\" height=\"243\" srcset=\"https:\/\/dicto.fi\/wp-content\/uploads\/2022\/08\/Paavali-Jumppanen-podcast-300x243.jpg 300w, https:\/\/dicto.fi\/wp-content\/uploads\/2022\/08\/Paavali-Jumppanen-podcast-1024x830.jpg 1024w, https:\/\/dicto.fi\/wp-content\/uploads\/2022\/08\/Paavali-Jumppanen-podcast-768x623.jpg 768w, https:\/\/dicto.fi\/wp-content\/uploads\/2022\/08\/Paavali-Jumppanen-podcast.jpg 1095w\" sizes=\"auto, (max-width: 300px) 100vw, 300px\" \/><figcaption id=\"caption-attachment-823\" class=\"wp-caption-text\">Pianisti Paavali Jumppanen on Turun musiikkijuhlien podcastin ensimm\u00e4inen vieras.<\/figcaption><\/figure>\n<\/div>\n<\/div>\n","protected":false},"excerpt":{"rendered":"<p>Irina Bj\u00f6rklund tekee t\u00f6it\u00e4 luonnon puolesta saarnaamatta \u2013 konsertissaan taiteilija lupaa ymp\u00e4rist\u00f6ahdistuksen tilalle energiaa ja hyv\u00e4\u00e4 mielt\u00e4\u00a0\u00a0 TMJ podcast 9.1.2023 Laulaja, lauluntekij\u00e4, n\u00e4yttelij\u00e4 Irina Bj\u00f6rklund sanoo, ett\u00e4 jokainen voi vaikuttaa ihmisen ja luonnon tulevaisuuteen. Paitsi henkil\u00f6kohtaisin arjen valinnoin h\u00e4n tekee my\u00f6s taiteessaan t\u00f6it\u00e4 paremman ymp\u00e4rist\u00f6n puolesta. Bj\u00f6rklundin Haikuja ihmiskunnalle -konsertti 10. helmikuuta Turun musiikkijuhlilla on &hellip; <\/p>\n<p class=\"link-more\"><a href=\"https:\/\/dicto.fi\/?page_id=820\" class=\"more-link\">Jatka lukemista<span class=\"screen-reader-text\"> &#8221;Podcast: Puhetta musiikista ja maailmasta&#8221;<\/span><\/a><\/p>\n","protected":false},"author":1,"featured_media":896,"parent":0,"menu_order":0,"comment_status":"closed","ping_status":"closed","template":"","meta":{"footnotes":""},"class_list":["post-820","page","type-page","status-publish","has-post-thumbnail","hentry"],"_links":{"self":[{"href":"https:\/\/dicto.fi\/index.php?rest_route=\/wp\/v2\/pages\/820","targetHints":{"allow":["GET"]}}],"collection":[{"href":"https:\/\/dicto.fi\/index.php?rest_route=\/wp\/v2\/pages"}],"about":[{"href":"https:\/\/dicto.fi\/index.php?rest_route=\/wp\/v2\/types\/page"}],"author":[{"embeddable":true,"href":"https:\/\/dicto.fi\/index.php?rest_route=\/wp\/v2\/users\/1"}],"replies":[{"embeddable":true,"href":"https:\/\/dicto.fi\/index.php?rest_route=%2Fwp%2Fv2%2Fcomments&post=820"}],"version-history":[{"count":33,"href":"https:\/\/dicto.fi\/index.php?rest_route=\/wp\/v2\/pages\/820\/revisions"}],"predecessor-version":[{"id":850,"href":"https:\/\/dicto.fi\/index.php?rest_route=\/wp\/v2\/pages\/820\/revisions\/850"}],"wp:featuredmedia":[{"embeddable":true,"href":"https:\/\/dicto.fi\/index.php?rest_route=\/wp\/v2\/media\/896"}],"wp:attachment":[{"href":"https:\/\/dicto.fi\/index.php?rest_route=%2Fwp%2Fv2%2Fmedia&parent=820"}],"curies":[{"name":"wp","href":"https:\/\/api.w.org\/{rel}","templated":true}]}}