{"id":496,"date":"2020-09-02T13:26:03","date_gmt":"2020-09-02T13:26:03","guid":{"rendered":"http:\/\/www.dicto.fi\/?page_id=496"},"modified":"2026-04-23T13:59:08","modified_gmt":"2026-04-23T13:59:08","slug":"referensseja","status":"publish","type":"page","link":"https:\/\/dicto.fi\/?page_id=496","title":{"rendered":"Muita kivoja t\u00f6it\u00e4"},"content":{"rendered":"\n<figure class=\"wp-block-image size-full\"><img loading=\"lazy\" decoding=\"async\" width=\"2050\" height=\"1322\" src=\"https:\/\/dicto.fi\/wp-content\/uploads\/2026\/04\/Musiikkisymposium-2026.jpg\" alt=\"\" class=\"wp-image-1237\"\/><figcaption class=\"wp-element-caption\">Musiikintutkimus on t\u00e4rke\u00e4\u00e4! -paneeli Suomen musiikkitieteellisen seuran valtakunnallisessa symposiumissa 22.4.2026. Keskustelijoina akatemiatutkija Sini Mononen, Helsingin yliopisto, professori Johannes Brusila, \u00c5bo Akademi ja Tieteellisten seurain valtuuskunnan toiminnanjohtaja Lea Ryyn\u00e4nen-Karjalainen.<\/figcaption><\/figure>\n\n\n\n<p>Ilo johtaa analyyttista ja punnittua keskustelua musiikin teemoista: Mit\u00e4 musiikintutkimus paljastaa kulttuurisista valtarakenteista, miten se rakentaa sivistynytt\u00e4 yhteiskuntaa, millainen on musiikin ja aktivismin v\u00e4linen suhde?<\/p>\n\n\n\n<p><\/p>\n\n\n\n<p><img decoding=\"async\" class=\"wp-image-1222\" style=\"width: NaNpx;\" src=\"https:\/\/dicto.fi\/wp-content\/uploads\/2026\/04\/Kirjat-elamassani-paneeli-2026-1.jpg\" alt=\"\">Kirjoista ja lukemisen merkityksest\u00e4 keskustelemassa kirjailija Roope Lipasti, Turun pormestari Piia Elo ja arkkipiispa Tapio Luoma. Lukutorstain Kirjat el\u00e4m\u00e4ss\u00e4ni -paneeli 9.4.2026 oli osa arkkihiippakunnan Syd\u00e4men sivistyst\u00e4 750 -vuotisjuhlaa. Paikkana Turun p\u00e4\u00e4kirjasto.<\/p>\n\n\n\n<p><\/p>\n\n\n\n<figure class=\"wp-block-image\"><img loading=\"lazy\" decoding=\"async\" width=\"1920\" height=\"1080\" src=\"https:\/\/dicto.fi\/wp-content\/uploads\/2025\/03\/Suuri-kirjastokeskustelu-19.3.2025.jpg\" alt=\"\" class=\"wp-image-1138\" srcset=\"https:\/\/dicto.fi\/wp-content\/uploads\/2025\/03\/Suuri-kirjastokeskustelu-19.3.2025.jpg 1920w, https:\/\/dicto.fi\/wp-content\/uploads\/2025\/03\/Suuri-kirjastokeskustelu-19.3.2025-300x169.jpg 300w, https:\/\/dicto.fi\/wp-content\/uploads\/2025\/03\/Suuri-kirjastokeskustelu-19.3.2025-1024x576.jpg 1024w, https:\/\/dicto.fi\/wp-content\/uploads\/2025\/03\/Suuri-kirjastokeskustelu-19.3.2025-768x432.jpg 768w, https:\/\/dicto.fi\/wp-content\/uploads\/2025\/03\/Suuri-kirjastokeskustelu-19.3.2025-1536x864.jpg 1536w\" sizes=\"auto, (max-width: 706px) 89vw, (max-width: 767px) 82vw, 740px\" \/><figcaption class=\"wp-element-caption\">Suuressa kirjastokeskustelussa vihreitten puheenjohtaja, kansanedustaja Sofia Virta, tiede- ja kulttuuriministeri Mari-Leena Talvitie (kokoomus) ja Sdp:n varapuheenjohtaja, kansanedustaja Nasima Razmyar. Kirjaston p\u00e4iv\u00e4n\u00e4 19.3.2025 ja sopivasti kuntavaalien alla kirjastojen tulevaisuuspaneelin j\u00e4rjesti <a href=\"https:\/\/suomenkirjastoseura.fi\/\" data-type=\"link\" data-id=\"https:\/\/suomenkirjastoseura.fi\/\">Suomen kirjastoseura<\/a>. Paikkana Turun p\u00e4\u00e4kirjasto. Striimauksen toteutti <a href=\"https:\/\/www.kirjastokaista.fi\/\">Kirjastokaista<\/a>.<\/figcaption><\/figure>\n\n\n\n<figure class=\"wp-block-image\"><img loading=\"lazy\" decoding=\"async\" width=\"2560\" height=\"1559\" src=\"https:\/\/dicto.fi\/wp-content\/uploads\/2025\/03\/TSEexe-TopManagementForum2025-scaled.jpg\" alt=\"\" class=\"wp-image-1160\" srcset=\"https:\/\/dicto.fi\/wp-content\/uploads\/2025\/03\/TSEexe-TopManagementForum2025-scaled.jpg 2560w, https:\/\/dicto.fi\/wp-content\/uploads\/2025\/03\/TSEexe-TopManagementForum2025-300x183.jpg 300w, https:\/\/dicto.fi\/wp-content\/uploads\/2025\/03\/TSEexe-TopManagementForum2025-1024x624.jpg 1024w, https:\/\/dicto.fi\/wp-content\/uploads\/2025\/03\/TSEexe-TopManagementForum2025-768x468.jpg 768w, https:\/\/dicto.fi\/wp-content\/uploads\/2025\/03\/TSEexe-TopManagementForum2025-1536x935.jpg 1536w, https:\/\/dicto.fi\/wp-content\/uploads\/2025\/03\/TSEexe-TopManagementForum2025-2048x1247.jpg 2048w\" sizes=\"auto, (max-width: 706px) 89vw, (max-width: 767px) 82vw, 740px\" \/><\/figure>\n\n\n\n<p>Johtajuus ep\u00e4varmuudessa -paneelissa 11.3.2025 <a href=\"https:\/\/sites.utu.fi\/exe\/\">TSE EXE:n<\/a> Top Management Forumissa huippuasiantuntijat Kari Liuhto, Benita Heiskanen, Markku Wilenius ja Markku Jokisipil\u00e4 Turun yliopistosta. <\/p>\n\n\n\n<p>Yhteiskeskustelua edelsi professorien ajankohtaiset puheenvuorot, jotka pitiv\u00e4t yleis\u00f6n otteessaan. Tiedustelututkimuksen professori Kari Liuhdon aiheena oli  vaarallinen Ven\u00e4j\u00e4, Pohjois-Amerikan tutkimuksen professori Benita Heiskanen kysyi, minne menet, USA?<\/p>\n\n\n\n<p>Tulevaisuudentutkimuksen professori Markku Wilenius kuvasi, millainen on maailman uusi asento&nbsp;ja poliittisen historian professori Markku Jokisipil\u00e4 kertoi, mit\u00e4 merkitsee portinvartijoiden katoaminen.<\/p>\n\n\n\n<p>Turun yliopiston johtamiskoulutusyksikk\u00f6 TSE EXE:n Top Management Forum 2025 j\u00e4rjestettiin upeassa Sibelius-museossa Turussa.<\/p>\n\n\n\n<figure class=\"wp-block-image size-large\"><img decoding=\"async\" src=\"https:\/\/dicto.fi\/wp-content\/uploads\/2025\/03\/Tekoalyweb-776x1024.jpg\" alt=\"\" class=\"wp-image-1155\"\/><\/figure>\n\n\n\n<p>P\u00e4\u00e4t\u00f6sviestint\u00e4-webinaarissa 7.11. 2024  haettiin asiantuntijoilta ideoita ja keinoja lis\u00e4t\u00e4 avoimuutta, vaikuttavuutta ja vuorovaikutusta.  Eri n\u00e4k\u00f6kulmia ajankohtaiseen teemaan toivat Kunnallisalan kehitt\u00e4miss\u00e4\u00e4ti\u00f6n toimitusjohtaja Jenni Airaksinen,  Raision kaupunginjohtaja Eero Vainio ja Etel\u00e4-Suomen Sanomien vastaava p\u00e4\u00e4toimittaja Markus Pirttijoki. <\/p>\n\n\n\n<p>Webinaarin j\u00e4rjesti viestinn\u00e4n asiantuntija Teija Leino ja <a href=\"https:\/\/kuntaviestija.fi\/\">Kuntaviestij\u00e4<\/a>.<\/p>\n\n\n\n<figure class=\"wp-block-image size-large\"><img loading=\"lazy\" decoding=\"async\" width=\"1024\" height=\"587\" src=\"https:\/\/dicto.fi\/wp-content\/uploads\/2024\/10\/Turun-kulttuuri-kirjamessut-2024-1024x587.jpg\" alt=\"\" class=\"wp-image-1105\" srcset=\"https:\/\/dicto.fi\/wp-content\/uploads\/2024\/10\/Turun-kulttuuri-kirjamessut-2024-1024x587.jpg 1024w, https:\/\/dicto.fi\/wp-content\/uploads\/2024\/10\/Turun-kulttuuri-kirjamessut-2024-300x172.jpg 300w, https:\/\/dicto.fi\/wp-content\/uploads\/2024\/10\/Turun-kulttuuri-kirjamessut-2024-768x440.jpg 768w, https:\/\/dicto.fi\/wp-content\/uploads\/2024\/10\/Turun-kulttuuri-kirjamessut-2024-1536x880.jpg 1536w, https:\/\/dicto.fi\/wp-content\/uploads\/2024\/10\/Turun-kulttuuri-kirjamessut-2024.jpg 2048w\" sizes=\"auto, (max-width: 706px) 89vw, (max-width: 767px) 82vw, 740px\" \/><figcaption class=\"wp-element-caption\">Ilman kulttuuria Turku ei olisi Turku. T\u00e4st\u00e4 syntyi antoisa keskustelu. Lavalla muotoilija Stefan Lindfors, pormestari Minna Arve ja Taidekahvit-verkoston puheenjohtaja Sanna Meska.\nTurun kirjamessut 2024.<\/figcaption><\/figure>\n\n\n\n<figure class=\"wp-block-image size-large\"><img loading=\"lazy\" decoding=\"async\" width=\"1024\" height=\"519\" src=\"https:\/\/dicto.fi\/wp-content\/uploads\/2024\/10\/Suomen-Akatemia-kirjamessut-2024-1024x519.jpg\" alt=\"\" class=\"wp-image-1104\" srcset=\"https:\/\/dicto.fi\/wp-content\/uploads\/2024\/10\/Suomen-Akatemia-kirjamessut-2024-1024x519.jpg 1024w, https:\/\/dicto.fi\/wp-content\/uploads\/2024\/10\/Suomen-Akatemia-kirjamessut-2024-300x152.jpg 300w, https:\/\/dicto.fi\/wp-content\/uploads\/2024\/10\/Suomen-Akatemia-kirjamessut-2024-768x389.jpg 768w, https:\/\/dicto.fi\/wp-content\/uploads\/2024\/10\/Suomen-Akatemia-kirjamessut-2024-1536x778.jpg 1536w, https:\/\/dicto.fi\/wp-content\/uploads\/2024\/10\/Suomen-Akatemia-kirjamessut-2024-2048x1037.jpg 2048w\" sizes=\"auto, (max-width: 706px) 89vw, (max-width: 767px) 82vw, 740px\" \/><figcaption class=\"wp-element-caption\">Oli kunnia p\u00e4\u00e4st\u00e4 haastattelemaan eturivin akateemikkoja. Kaisa H\u00e4kkinen ja Eva-Mari Aro kertoivat, mik\u00e4 on tiedeviestinn\u00e4n pelin henki.<br>Turun kirjamessut 2024<\/figcaption><\/figure>\n\n\n<p><img loading=\"lazy\" decoding=\"async\" class=\"alignnone size-medium wp-image-1033\" src=\"https:\/\/dicto.fi\/wp-content\/uploads\/2024\/03\/Kumppanuuden-juhlaa-paneeli-13.2.2024-293x300.jpg\" alt=\"\" width=\"293\" height=\"300\" \/><\/p>\n<p>Kumppanuuden juhlaa -tilaisuuden paneelissa uudenlaisesta varsinaissuomalaisesta kumppanuudesta ja yhteisty\u00f6st\u00e4 keskustelivat kansanedustaja Pauli Aalto-Set\u00e4l\u00e4 (kok.), Auran kunnanjohtaja Terhi K\u00e4lli, maantieteen professori Jukka K\u00e4yhk\u00f6 Turun yliopistosta ja Turun piispa Mari Lepp\u00e4nen.<\/p>\n<p>Varsinais-Suomen liiton j\u00e4rjest\u00e4m\u00e4 Kumppanuuden juhla pidettiin Sigyn-salissa 13.2.2024.<\/p>\n<p>Oli antoisaa olla tulevaisuuteen katsovan tilaisuuden juontaja ja paneelin vet\u00e4j\u00e4.<\/p>\n<p>Kuva: Malla Rannikko-Laine.<\/p>\n<p><img loading=\"lazy\" decoding=\"async\" class=\"size-medium wp-image-984\" src=\"https:\/\/dicto.fi\/wp-content\/uploads\/2023\/10\/Elinvoimawenimaari-24.10.2023-171x300.jpg\" alt=\"\" width=\"171\" height=\"300\" srcset=\"https:\/\/dicto.fi\/wp-content\/uploads\/2023\/10\/Elinvoimawenimaari-24.10.2023-171x300.jpg 171w, https:\/\/dicto.fi\/wp-content\/uploads\/2023\/10\/Elinvoimawenimaari-24.10.2023-584x1024.jpg 584w, https:\/\/dicto.fi\/wp-content\/uploads\/2023\/10\/Elinvoimawenimaari-24.10.2023-768x1347.jpg 768w, https:\/\/dicto.fi\/wp-content\/uploads\/2023\/10\/Elinvoimawenimaari-24.10.2023.jpg 774w\" sizes=\"auto, (max-width: 171px) 100vw, 171px\" \/><\/p>\n<p>Kuntien elinvoima? -webinaarissa 23.10.2023 puhujina aluekehityksen asiantuntija Timo Aro, kaupunginjohtajat Johanna Luukkonen Hyvink\u00e4\u00e4lt\u00e4 ja Vesa Koivunen Alaj\u00e4rvelt\u00e4 sek\u00e4 johtaja Harri Jaskari Suomen yritt\u00e4jist\u00e4.<\/p>\n<p>Moderaattorilla oli kiitollinen teht\u00e4v\u00e4 tehd\u00e4 jatkokysymyksi\u00e4 erinomaisista puheenvuoroista. Webinaarin kokosi Teija Leinon luotsaama Kuntaviestij\u00e4.<\/p>\n<p><img loading=\"lazy\" decoding=\"async\" class=\"alignnone size-medium wp-image-986\" src=\"https:\/\/dicto.fi\/wp-content\/uploads\/2023\/10\/Arkkipiispa-Tapio-Luona-Sixten-Korkman-kirjamessut-2023-300x167.jpg\" alt=\"\" width=\"300\" height=\"167\" srcset=\"https:\/\/dicto.fi\/wp-content\/uploads\/2023\/10\/Arkkipiispa-Tapio-Luona-Sixten-Korkman-kirjamessut-2023-300x167.jpg 300w, https:\/\/dicto.fi\/wp-content\/uploads\/2023\/10\/Arkkipiispa-Tapio-Luona-Sixten-Korkman-kirjamessut-2023-1024x572.jpg 1024w, https:\/\/dicto.fi\/wp-content\/uploads\/2023\/10\/Arkkipiispa-Tapio-Luona-Sixten-Korkman-kirjamessut-2023-768x429.jpg 768w, https:\/\/dicto.fi\/wp-content\/uploads\/2023\/10\/Arkkipiispa-Tapio-Luona-Sixten-Korkman-kirjamessut-2023.jpg 1433w\" sizes=\"auto, (max-width: 300px) 100vw, 300px\" \/><\/p>\n<p>Arkkipiispa Tapio Luoma ja ekonomisti Sixten Korkman Suomen tulevaisuus -keskustelussa Turun kirjamessuilla 2023.<\/p>\n<p><img loading=\"lazy\" decoding=\"async\" class=\"alignnone size-medium wp-image-991\" src=\"https:\/\/dicto.fi\/wp-content\/uploads\/2023\/10\/Uushenkisyys-kirjamessut-2023-300x168.jpg\" alt=\"\" width=\"300\" height=\"168\" srcset=\"https:\/\/dicto.fi\/wp-content\/uploads\/2023\/10\/Uushenkisyys-kirjamessut-2023-300x168.jpg 300w, https:\/\/dicto.fi\/wp-content\/uploads\/2023\/10\/Uushenkisyys-kirjamessut-2023-1024x574.jpg 1024w, https:\/\/dicto.fi\/wp-content\/uploads\/2023\/10\/Uushenkisyys-kirjamessut-2023-768x430.jpg 768w, https:\/\/dicto.fi\/wp-content\/uploads\/2023\/10\/Uushenkisyys-kirjamessut-2023-1536x860.jpg 1536w, https:\/\/dicto.fi\/wp-content\/uploads\/2023\/10\/Uushenkisyys-kirjamessut-2023.jpg 1605w\" sizes=\"auto, (max-width: 300px) 100vw, 300px\" \/><\/p>\n<p>Miksi uushenkisyys ja rituaaliset kiehtovat nykyihmist\u00e4? Keskustelijoina kirjailija Reetta Ranta, Turun yliopiston uskontotieteen professori Minna Opas ja yliopistonlehtori Tiina Mahlam\u00e4ki. Turun kirjamessut 2023.<\/p>\n<p><img loading=\"lazy\" decoding=\"async\" class=\"alignnone size-medium wp-image-989\" src=\"https:\/\/dicto.fi\/wp-content\/uploads\/2023\/10\/Kielen-oppiminen-ja-tanssi-kirjamessut-2023-300x169.jpg\" alt=\"\" width=\"300\" height=\"169\" srcset=\"https:\/\/dicto.fi\/wp-content\/uploads\/2023\/10\/Kielen-oppiminen-ja-tanssi-kirjamessut-2023-300x169.jpg 300w, https:\/\/dicto.fi\/wp-content\/uploads\/2023\/10\/Kielen-oppiminen-ja-tanssi-kirjamessut-2023-1024x577.jpg 1024w, https:\/\/dicto.fi\/wp-content\/uploads\/2023\/10\/Kielen-oppiminen-ja-tanssi-kirjamessut-2023-768x432.jpg 768w, https:\/\/dicto.fi\/wp-content\/uploads\/2023\/10\/Kielen-oppiminen-ja-tanssi-kirjamessut-2023-1536x865.jpg 1536w, https:\/\/dicto.fi\/wp-content\/uploads\/2023\/10\/Kielen-oppiminen-ja-tanssi-kirjamessut-2023.jpg 2000w\" sizes=\"auto, (max-width: 300px) 100vw, 300px\" \/><\/p>\n<p>Miten tanssia voi k\u00e4ytt\u00e4\u00e4 kielenopetuksessa? Keskustelijoina Turun yliopiston fonetiikan professori Maija S. Peltola ja opettajankoulutuslaitoksen v\u00e4it\u00f6skirjatutkija Kaisa Korpinen. Turun kirjamessut 2023.<\/p>\n<p><img loading=\"lazy\" decoding=\"async\" class=\"alignnone size-medium wp-image-988\" src=\"https:\/\/dicto.fi\/wp-content\/uploads\/2023\/10\/Sarjakuvatutkimus-kirjamessut-2023-300x169.jpg\" alt=\"\" width=\"300\" height=\"169\" srcset=\"https:\/\/dicto.fi\/wp-content\/uploads\/2023\/10\/Sarjakuvatutkimus-kirjamessut-2023-300x169.jpg 300w, https:\/\/dicto.fi\/wp-content\/uploads\/2023\/10\/Sarjakuvatutkimus-kirjamessut-2023-1024x577.jpg 1024w, https:\/\/dicto.fi\/wp-content\/uploads\/2023\/10\/Sarjakuvatutkimus-kirjamessut-2023-768x432.jpg 768w, https:\/\/dicto.fi\/wp-content\/uploads\/2023\/10\/Sarjakuvatutkimus-kirjamessut-2023-1536x865.jpg 1536w, https:\/\/dicto.fi\/wp-content\/uploads\/2023\/10\/Sarjakuvatutkimus-kirjamessut-2023.jpg 2000w\" sizes=\"auto, (max-width: 300px) 100vw, 300px\" \/><\/p>\n<p>V\u00e4hemmist\u00f6t sarjakuvissa on laajan tutkimuksen aiheena Turun yliopistossa. Teemasta kertoivat tutkijat Anna Vuorinne ja Ralf Kauranen Turun kirjamessuilla 2023.<\/p>\n<figure id=\"attachment_954\" aria-describedby=\"caption-attachment-954\" style=\"width: 300px\" class=\"wp-caption alignnone\"><img loading=\"lazy\" decoding=\"async\" class=\"size-medium wp-image-954\" src=\"https:\/\/dicto.fi\/wp-content\/uploads\/2023\/09\/Mari-Leppanen-2-300x214.jpg\" alt=\"\" width=\"300\" height=\"214\" srcset=\"https:\/\/dicto.fi\/wp-content\/uploads\/2023\/09\/Mari-Leppanen-2-300x214.jpg 300w, https:\/\/dicto.fi\/wp-content\/uploads\/2023\/09\/Mari-Leppanen-2-1024x731.jpg 1024w, https:\/\/dicto.fi\/wp-content\/uploads\/2023\/09\/Mari-Leppanen-2-768x548.jpg 768w, https:\/\/dicto.fi\/wp-content\/uploads\/2023\/09\/Mari-Leppanen-2-1536x1097.jpg 1536w, https:\/\/dicto.fi\/wp-content\/uploads\/2023\/09\/Mari-Leppanen-2.jpg 2048w\" sizes=\"auto, (max-width: 300px) 100vw, 300px\" \/><figcaption id=\"caption-attachment-954\" class=\"wp-caption-text\">Ilo keskustella ajatuksia her\u00e4tt\u00e4v\u00e4st\u00e4 kirjasta. Turun piispa Mari Lepp\u00e4nen julkaisi syksyll\u00e4 2023 teoksen Kuulun t\u00e4h\u00e4n maisemaan. Sanoja luottamuksesta ja rohkeudesta.\u00a0<br \/>Lepp\u00e4nen kirjoittaa muun muassa kirkkojen ja uskonnollisten yhteis\u00f6jen vastuusta. Siit\u00e4 miten &#8221;on peiliin katsomisen paikka: Sielujen lis\u00e4ksi on pelastettava my\u00f6s maailma.&#8221;<br \/>Esteettisesti kaunis kirja on tekstien ja valokuvien ehyt kokonaisuus.<\/figcaption><\/figure>\n<p><img loading=\"lazy\" decoding=\"async\" class=\"size-medium wp-image-884\" style=\"font-weight: bold; color: #666666; font-size: 0.8125rem; font-style: italic;\" src=\"https:\/\/dicto.fi\/wp-content\/uploads\/2022\/10\/Kirjamessut-paneeli-2022-300x169.jpg\" alt=\"\" width=\"300\" height=\"169\" srcset=\"https:\/\/dicto.fi\/wp-content\/uploads\/2022\/10\/Kirjamessut-paneeli-2022-300x169.jpg 300w, https:\/\/dicto.fi\/wp-content\/uploads\/2022\/10\/Kirjamessut-paneeli-2022-1024x577.jpg 1024w, https:\/\/dicto.fi\/wp-content\/uploads\/2022\/10\/Kirjamessut-paneeli-2022-768x432.jpg 768w, https:\/\/dicto.fi\/wp-content\/uploads\/2022\/10\/Kirjamessut-paneeli-2022-1536x865.jpg 1536w, https:\/\/dicto.fi\/wp-content\/uploads\/2022\/10\/Kirjamessut-paneeli-2022-2048x1153.jpg 2048w\" sizes=\"auto, (max-width: 300px) 100vw, 300px\" \/><\/p>\n<p>Koulutus, tutkimus, luottamus ihmisiin, moninaisuuden ymm\u00e4rrys ja monta muuta asiaa, joiden varaan kannattaa rakentaa yhteiskuntaa. Puheenjohtajalle antoisassa Pimeydest\u00e4 valoon -paneelissa ymp\u00e4rist\u00f6- ja ilmastoministeri, Vihreitten puheenjohtaja Maria Ohisalo, kirjailija, toimittaja Jenni R\u00e4in\u00e4, kulttuurihistorian dosentti Marika R\u00e4s\u00e4nen ja kulttuurihistorian professori Hannu Salmi. Humanistinen tiedekunta Turun kirjamessuilla lokakuussa 2022.<\/p>\n<p><figure id=\"attachment_882\" aria-describedby=\"caption-attachment-882\" style=\"width: 300px\" class=\"wp-caption alignnone\"><img loading=\"lazy\" decoding=\"async\" class=\"size-medium wp-image-882\" src=\"https:\/\/dicto.fi\/wp-content\/uploads\/2022\/10\/Kirjamessut-Hanna-Meretoja-300x223.jpg\" alt=\"\" width=\"300\" height=\"223\" srcset=\"https:\/\/dicto.fi\/wp-content\/uploads\/2022\/10\/Kirjamessut-Hanna-Meretoja-300x223.jpg 300w, https:\/\/dicto.fi\/wp-content\/uploads\/2022\/10\/Kirjamessut-Hanna-Meretoja-1024x761.jpg 1024w, https:\/\/dicto.fi\/wp-content\/uploads\/2022\/10\/Kirjamessut-Hanna-Meretoja-768x571.jpg 768w, https:\/\/dicto.fi\/wp-content\/uploads\/2022\/10\/Kirjamessut-Hanna-Meretoja-1536x1142.jpg 1536w, https:\/\/dicto.fi\/wp-content\/uploads\/2022\/10\/Kirjamessut-Hanna-Meretoja-2048x1522.jpg 2048w\" sizes=\"auto, (max-width: 300px) 100vw, 300px\" \/><figcaption id=\"caption-attachment-882\" class=\"wp-caption-text\">Kertomuksia ep\u00e4toivosta ja toivosta<br \/>-teemasta Turun kirjamessuilla vastaamassa kirjallisuustieteen professori, kirjailija Hanna Meretoja Turun yliopistosta. Avartavaa kuulla aiheesta sek\u00e4 tutkija- ett\u00e4 kirjailijan\u00e4k\u00f6kulma. Meretojan esikoisromaani Elotulet, josta vahva lukusuositus, sis\u00e4lt\u00e4\u00e4 my\u00f6s kiinnostavan l\u00e4hdeluettelon. Humanistinen tiedekunta kirjamessuilla lokakuussa 2022.<\/figcaption><\/figure><br \/>\n<figure id=\"attachment_883\" aria-describedby=\"caption-attachment-883\" style=\"width: 300px\" class=\"wp-caption alignnone\"><img loading=\"lazy\" decoding=\"async\" class=\"size-medium wp-image-883\" src=\"https:\/\/dicto.fi\/wp-content\/uploads\/2022\/10\/Kirjamessut-Rami-Mahka-300x220.jpg\" alt=\"\" width=\"300\" height=\"220\" srcset=\"https:\/\/dicto.fi\/wp-content\/uploads\/2022\/10\/Kirjamessut-Rami-Mahka-300x220.jpg 300w, https:\/\/dicto.fi\/wp-content\/uploads\/2022\/10\/Kirjamessut-Rami-Mahka-1024x751.jpg 1024w, https:\/\/dicto.fi\/wp-content\/uploads\/2022\/10\/Kirjamessut-Rami-Mahka-768x564.jpg 768w, https:\/\/dicto.fi\/wp-content\/uploads\/2022\/10\/Kirjamessut-Rami-Mahka-1536x1127.jpg 1536w, https:\/\/dicto.fi\/wp-content\/uploads\/2022\/10\/Kirjamessut-Rami-Mahka-2048x1503.jpg 2048w\" sizes=\"auto, (max-width: 300px) 100vw, 300px\" \/><figcaption id=\"caption-attachment-883\" class=\"wp-caption-text\">On etuoikeus p\u00e4\u00e4st\u00e4 kysym\u00e4\u00e4n itselle vieraammista aiheista, kuten dystopiat ja utopiat kuvataiteessa ja elokuvissa. V\u00e4it\u00f6skirjatutkija, kuvataiteilija Hilja Roivainen ja mediakulttuurin dosentti Rami M\u00e4hk\u00e4 Turun yliopistosta havainnollistivat hienosti. Humanistinen tiedekunta Turun kirjamessuilla lokakuussa 2022.<\/figcaption><\/figure><br \/>\n<figure id=\"attachment_807\" aria-describedby=\"caption-attachment-807\" style=\"width: 300px\" class=\"wp-caption alignnone\"><img loading=\"lazy\" decoding=\"async\" class=\"size-medium wp-image-807\" src=\"https:\/\/dicto.fi\/wp-content\/uploads\/2022\/05\/Vanitas-paneeli-4.5.2022-300x187.jpg\" alt=\"\" width=\"300\" height=\"187\" srcset=\"https:\/\/dicto.fi\/wp-content\/uploads\/2022\/05\/Vanitas-paneeli-4.5.2022-300x187.jpg 300w, https:\/\/dicto.fi\/wp-content\/uploads\/2022\/05\/Vanitas-paneeli-4.5.2022-1024x638.jpg 1024w, https:\/\/dicto.fi\/wp-content\/uploads\/2022\/05\/Vanitas-paneeli-4.5.2022-768x479.jpg 768w, https:\/\/dicto.fi\/wp-content\/uploads\/2022\/05\/Vanitas-paneeli-4.5.2022.jpg 1067w\" sizes=\"auto, (max-width: 300px) 100vw, 300px\" \/><figcaption id=\"caption-attachment-807\" class=\"wp-caption-text\">Vanitas-paneelin moderaattorina 4.5.2022. Paneelissa Kansallisteatterin kotikirjailija, ihmisoikeusvaikuttaja Ujuni Ahmed, ohjaaja, libretisti, tuottaja Mirva Koivukangas ja klassillinen filologi, Ciceron kirjeet -teoksen suomentaja Veli-Matti Rissanen. K\u00e4sittelyss\u00e4 suuri kysymys siit\u00e4, millaisen maailman haluamme luoda. Paneelin j\u00e4rjestiv\u00e4t Turun musiikkijuhlat ja Turun museokeskus. Paikkana Turun kaupunginteatterin l\u00e4mpi\u00f6.<\/figcaption><\/figure><\/p>\n<p><img loading=\"lazy\" decoding=\"async\" class=\"size-medium wp-image-739\" style=\"font-weight: bold; color: #666666; font-size: 0.8125rem; font-style: italic;\" src=\"https:\/\/dicto.fi\/wp-content\/uploads\/2021\/06\/Nytkisvaalipaneeli-276x300.jpg\" alt=\"\" width=\"276\" height=\"300\" srcset=\"https:\/\/dicto.fi\/wp-content\/uploads\/2021\/06\/Nytkisvaalipaneeli-276x300.jpg 276w, https:\/\/dicto.fi\/wp-content\/uploads\/2021\/06\/Nytkisvaalipaneeli-943x1024.jpg 943w, https:\/\/dicto.fi\/wp-content\/uploads\/2021\/06\/Nytkisvaalipaneeli-768x834.jpg 768w, https:\/\/dicto.fi\/wp-content\/uploads\/2021\/06\/Nytkisvaalipaneeli.jpg 1080w\" sizes=\"auto, (max-width: 276px) 100vw, 276px\" \/><\/p>\n<p><span style=\"font-size: 14px; color: #666666; font-style: italic;\">Kuntavaalipaneelin moderaattorina 2021\u00a0 Varsinais-Suomen Nytkiksen j\u00e4rjest\u00e4m\u00e4ss\u00e4 tilaisuudessa. Kuva: Hissu Kyt\u00f6.<\/span><\/p>\n<\/p>\n<figure id=\"attachment_368\" aria-describedby=\"caption-attachment-368\" style=\"width: 300px\" class=\"wp-caption alignnone\"><img loading=\"lazy\" decoding=\"async\" class=\"size-medium wp-image-368\" src=\"http:\/\/www.dicto.fi\/wp-content\/uploads\/2020\/08\/Uusi-kirjamessu-300x188.jpg\" alt=\"\" width=\"300\" height=\"188\" srcset=\"https:\/\/dicto.fi\/wp-content\/uploads\/2020\/08\/Uusi-kirjamessu-300x188.jpg 300w, https:\/\/dicto.fi\/wp-content\/uploads\/2020\/08\/Uusi-kirjamessu-1024x642.jpg 1024w, https:\/\/dicto.fi\/wp-content\/uploads\/2020\/08\/Uusi-kirjamessu-768x481.jpg 768w, https:\/\/dicto.fi\/wp-content\/uploads\/2020\/08\/Uusi-kirjamessu.jpg 1194w\" sizes=\"auto, (max-width: 300px) 100vw, 300px\" \/><figcaption id=\"caption-attachment-368\" class=\"wp-caption-text\">Demokratian tulevaisuus -paneelin moderaattorina Turun kirjamessuilla 2019. Keskustelijoina arkkipiispa Tapio Luoma, tutkijatohtori Johanna Vuorelma ja ministeri P\u00e4r Stenb\u00e4ck.<\/figcaption><\/figure>\n<p><figure id=\"attachment_434\" aria-describedby=\"caption-attachment-434\" style=\"width: 300px\" class=\"wp-caption alignnone\"><img loading=\"lazy\" decoding=\"async\" class=\"size-medium wp-image-434\" src=\"http:\/\/www.dicto.fi\/wp-content\/uploads\/2020\/08\/Turku-lautasella-3-300x225.jpg\" alt=\"\" width=\"300\" height=\"225\" srcset=\"https:\/\/dicto.fi\/wp-content\/uploads\/2020\/08\/Turku-lautasella-3-300x225.jpg 300w, https:\/\/dicto.fi\/wp-content\/uploads\/2020\/08\/Turku-lautasella-3-1024x768.jpg 1024w, https:\/\/dicto.fi\/wp-content\/uploads\/2020\/08\/Turku-lautasella-3-768x576.jpg 768w, https:\/\/dicto.fi\/wp-content\/uploads\/2020\/08\/Turku-lautasella-3-1536x1152.jpg 1536w, https:\/\/dicto.fi\/wp-content\/uploads\/2020\/08\/Turku-lautasella-3-2048x1536.jpg 2048w\" sizes=\"auto, (max-width: 300px) 100vw, 300px\" \/><figcaption id=\"caption-attachment-434\" class=\"wp-caption-text\">Suosittuja Turku lautasella -kirjoja tuotin Turun Sanomissa kolme. Turun kulttuurip\u00e4\u00e4kaupungin kunniaksi julkaistiin my\u00f6s englanninkielinen versio Turku on a Plate.<\/figcaption><\/figure><br \/>\n<figure id=\"attachment_446\" aria-describedby=\"caption-attachment-446\" style=\"width: 225px\" class=\"wp-caption alignnone\"><img loading=\"lazy\" decoding=\"async\" class=\"size-medium wp-image-446\" src=\"http:\/\/www.dicto.fi\/wp-content\/uploads\/2020\/08\/Tieteen-Turku-225x300.jpg\" alt=\"\" width=\"225\" height=\"300\" srcset=\"https:\/\/dicto.fi\/wp-content\/uploads\/2020\/08\/Tieteen-Turku-225x300.jpg 225w, https:\/\/dicto.fi\/wp-content\/uploads\/2020\/08\/Tieteen-Turku-768x1024.jpg 768w, https:\/\/dicto.fi\/wp-content\/uploads\/2020\/08\/Tieteen-Turku.jpg 1080w\" sizes=\"auto, (max-width: 225px) 100vw, 225px\" \/><figcaption id=\"caption-attachment-446\" class=\"wp-caption-text\">Tieteen Turku on yksi esimerkki tuottamistani printtimakasiineista.<\/figcaption><\/figure><br \/>\n<figure id=\"attachment_433\" aria-describedby=\"caption-attachment-433\" style=\"width: 227px\" class=\"wp-caption alignnone\"><img loading=\"lazy\" decoding=\"async\" class=\"size-medium wp-image-433\" src=\"http:\/\/www.dicto.fi\/wp-content\/uploads\/2020\/08\/Julkiset-kokit-227x300.jpg\" alt=\"\" width=\"227\" height=\"300\" srcset=\"https:\/\/dicto.fi\/wp-content\/uploads\/2020\/08\/Julkiset-kokit-227x300.jpg 227w, https:\/\/dicto.fi\/wp-content\/uploads\/2020\/08\/Julkiset-kokit-777x1024.jpg 777w, https:\/\/dicto.fi\/wp-content\/uploads\/2020\/08\/Julkiset-kokit-768x1013.jpg 768w, https:\/\/dicto.fi\/wp-content\/uploads\/2020\/08\/Julkiset-kokit-1165x1536.jpg 1165w, https:\/\/dicto.fi\/wp-content\/uploads\/2020\/08\/Julkiset-kokit-1553x2048.jpg 1553w, https:\/\/dicto.fi\/wp-content\/uploads\/2020\/08\/Julkiset-kokit-scaled.jpg 1941w\" sizes=\"auto, (max-width: 227px) 100vw, 227px\" \/><figcaption id=\"caption-attachment-433\" class=\"wp-caption-text\">Julkiset Kokit toteutui televisio-ohjelmana, Turun Sanomien Extra-liitteen ruokasivuna sek\u00e4 kirjana.<\/figcaption><\/figure><\/p>","protected":false},"excerpt":{"rendered":"<p>Ilo johtaa analyyttista ja punnittua keskustelua musiikin teemoista: Mit\u00e4 musiikintutkimus paljastaa kulttuurisista valtarakenteista, miten se rakentaa sivistynytt\u00e4 yhteiskuntaa, millainen on musiikin ja aktivismin v\u00e4linen suhde? Kirjoista ja lukemisen merkityksest\u00e4 keskustelemassa kirjailija Roope Lipasti, Turun pormestari Piia Elo ja arkkipiispa Tapio Luoma. Lukutorstain Kirjat el\u00e4m\u00e4ss\u00e4ni -paneeli 9.4.2026 oli osa arkkihiippakunnan Syd\u00e4men sivistyst\u00e4 750 -vuotisjuhlaa. Paikkana Turun &hellip; <\/p>\n<p class=\"link-more\"><a href=\"https:\/\/dicto.fi\/?page_id=496\" class=\"more-link\">Jatka lukemista<span class=\"screen-reader-text\"> &#8221;Muita kivoja t\u00f6it\u00e4&#8221;<\/span><\/a><\/p>\n","protected":false},"author":1,"featured_media":0,"parent":0,"menu_order":0,"comment_status":"closed","ping_status":"closed","template":"","meta":{"footnotes":""},"class_list":["post-496","page","type-page","status-publish","hentry"],"_links":{"self":[{"href":"https:\/\/dicto.fi\/index.php?rest_route=\/wp\/v2\/pages\/496","targetHints":{"allow":["GET"]}}],"collection":[{"href":"https:\/\/dicto.fi\/index.php?rest_route=\/wp\/v2\/pages"}],"about":[{"href":"https:\/\/dicto.fi\/index.php?rest_route=\/wp\/v2\/types\/page"}],"author":[{"embeddable":true,"href":"https:\/\/dicto.fi\/index.php?rest_route=\/wp\/v2\/users\/1"}],"replies":[{"embeddable":true,"href":"https:\/\/dicto.fi\/index.php?rest_route=%2Fwp%2Fv2%2Fcomments&post=496"}],"version-history":[{"count":29,"href":"https:\/\/dicto.fi\/index.php?rest_route=\/wp\/v2\/pages\/496\/revisions"}],"predecessor-version":[{"id":1243,"href":"https:\/\/dicto.fi\/index.php?rest_route=\/wp\/v2\/pages\/496\/revisions\/1243"}],"wp:attachment":[{"href":"https:\/\/dicto.fi\/index.php?rest_route=%2Fwp%2Fv2%2Fmedia&parent=496"}],"curies":[{"name":"wp","href":"https:\/\/api.w.org\/{rel}","templated":true}]}}