{"id":1041,"date":"2024-04-12T08:59:28","date_gmt":"2024-04-12T08:59:28","guid":{"rendered":"https:\/\/dicto.fi\/?page_id=1041"},"modified":"2025-02-13T15:40:47","modified_gmt":"2025-02-13T15:40:47","slug":"humanisti-vastaa-podcast-2024","status":"publish","type":"page","link":"https:\/\/dicto.fi\/?page_id=1041","title":{"rendered":"Humanisti vastaa -podcast 2024"},"content":{"rendered":"\n<p><strong>Humanisti vastaa -podcastissa Turun yliopiston tutkijat vastaavat ajankohtaisiin kysymyksiin.<\/strong><\/p>\n\n\n\n<p><strong>Vieras saa kertoa my\u00f6s, mihin h\u00e4n haluaa vaikuttaa yhteiskunnallisessa keskustelussa.<\/strong><\/p>\n\n\n\n<p><strong>T\u00e4n\u00e4 vuonna podcastissa haastateltavat antavat my\u00f6s lukusuosituksia vaikuttavista kirjoista.<\/strong><\/p>\n\n\n\n<p><strong>Humanisti vastaa -podcastit julkaistaan Turun yliopiston kanavissa ja Turun Sanomien <a href=\"https:\/\/www.ts.fi\/teemat\/6284273\">verkkosivulla<\/a>, Soundcoudissa ja Spotifyssa. Podcastien taustoista kerrotaan <a href=\"https:\/\/www.ts.fi\/teemat\/6126925\">Turun Sanomissa<\/a>.<\/strong><\/p>\n\n\n\n<figure class=\"wp-block-image size-large\"><img loading=\"lazy\" decoding=\"async\" width=\"461\" height=\"1024\" src=\"https:\/\/dicto.fi\/wp-content\/uploads\/2025\/01\/Otto-Tarkka-podcast-461x1024.jpg\" alt=\"V\u00e4it\u00f6skirjatutkija Otto Tarkka\" class=\"wp-image-1123\" srcset=\"https:\/\/dicto.fi\/wp-content\/uploads\/2025\/01\/Otto-Tarkka-podcast-461x1024.jpg 461w, https:\/\/dicto.fi\/wp-content\/uploads\/2025\/01\/Otto-Tarkka-podcast-135x300.jpg 135w, https:\/\/dicto.fi\/wp-content\/uploads\/2025\/01\/Otto-Tarkka-podcast-768x1707.jpg 768w, https:\/\/dicto.fi\/wp-content\/uploads\/2025\/01\/Otto-Tarkka-podcast-691x1536.jpg 691w, https:\/\/dicto.fi\/wp-content\/uploads\/2025\/01\/Otto-Tarkka-podcast-922x2048.jpg 922w, https:\/\/dicto.fi\/wp-content\/uploads\/2025\/01\/Otto-Tarkka-podcast-scaled.jpg 1152w\" sizes=\"auto, (max-width: 461px) 100vw, 461px\" \/><\/figure>\n\n\n\n<p>Digitaalisen kielentutkimuksen v\u00e4it\u00f6skirjatutkija Otto Tarkka kertoo Humanisti vastaa -podcastissa,  ett\u00e4 kansanedustajien puheista paljastui my\u00f6s iloa ja onnistumisen tunteita, kun Turun yliopiston teko\u00e4lytutkimus perkasi politiikkojen eduskuntakeskusteluja.<\/p>\n\n\n\n<p>Tarkka on projektitutkijana TurkuNLP-ty\u00f6ryhm\u00e4ss\u00e4, jossa kielenk\u00e4ytt\u00f6\u00e4 tutkitaan digitaalisessa ymp\u00e4rist\u00f6ss\u00e4, esimerkiksi Instagramissa. Osa ty\u00f6st\u00e4 on teknisemp\u00e4\u00e4 kielimallien kehityst\u00e4. Tutkija puhuu mieluummin kielimalleista kuin teko\u00e4lyst\u00e4, jota h\u00e4n luonnehtii markkinointitermiksi.<\/p>\n\n\n\n<p>Podcastin kirjasuosituksena Tarkka tarjoaa Donna Tarttin teoksen Jumalat juhlivat \u00f6isin.<\/p>\n\n\n\n<p>Humanisti vastaa -podcast. Osa 20.  julkaistiin joulukuussa 2024 <a href=\"https:\/\/www.ts.fi\/uutiset\/6520042\">Turun Sanomien<\/a> ja <a href=\"https:\/\/soundcloud.com\/turun-yliopisto\/humanisti-vastaa-osa-20-millaisia-tunteita-kansanedustajien-puheista-paljastuu-tekoalyn-avulla-otto-tarkka\">Turun yliopiston<\/a> kanavissa.<\/p>\n\n\n\n<figure class=\"wp-block-image size-large\"><img loading=\"lazy\" decoding=\"async\" width=\"905\" height=\"1024\" src=\"https:\/\/dicto.fi\/wp-content\/uploads\/2024\/11\/Meri-Kyto-podcast-905x1024.jpg\" alt=\"\" class=\"wp-image-1114\" srcset=\"https:\/\/dicto.fi\/wp-content\/uploads\/2024\/11\/Meri-Kyto-podcast-905x1024.jpg 905w, https:\/\/dicto.fi\/wp-content\/uploads\/2024\/11\/Meri-Kyto-podcast-265x300.jpg 265w, https:\/\/dicto.fi\/wp-content\/uploads\/2024\/11\/Meri-Kyto-podcast-768x869.jpg 768w, https:\/\/dicto.fi\/wp-content\/uploads\/2024\/11\/Meri-Kyto-podcast-1357x1536.jpg 1357w, https:\/\/dicto.fi\/wp-content\/uploads\/2024\/11\/Meri-Kyto-podcast.jpg 1741w\" sizes=\"auto, (max-width: 706px) 89vw, (max-width: 767px) 82vw, 740px\" \/><figcaption class=\"wp-element-caption\">\u00c4\u00e4nellisen kulttuurin ja kaupunkitilan tutkimukseen erikoistunut Meri Kyt\u00f6 kertoo podcastissa, millainen on ihmiselle hyv\u00e4 \u00e4\u00e4niymp\u00e4rist\u00f6.<\/figcaption><\/figure>\n\n\n\n<p>Tutkija Meri Kyt\u00f6 sanoo, ett\u00e4 \u00e4\u00e4nen rooli kaupunkisuunnittelussa on liian v\u00e4h\u00e4inen ja miellytt\u00e4vi\u00e4 kuunteluymp\u00e4rist\u00f6j\u00e4 pit\u00e4\u00e4 luoda aktiivisesti.<\/p>\n\n\n\n<p>\u00c4\u00e4nellisen kulttuurin ja kaupunkitilan tutkimukseen erikoistunut Meri Kyt\u00f6 sanoo, ett\u00e4 kaupunkisuunnittelussa pit\u00e4isi kiinnitt\u00e4\u00e4 enemm\u00e4n huomiota \u00e4\u00e4nen merkitykseen. Melulains\u00e4\u00e4d\u00e4nt\u00f6 est\u00e4\u00e4 pahimmat ylily\u00f6nnit, mutta \u00e4\u00e4nimaisemista pit\u00e4isi tietoisemmin luoda toimivia kuunteluymp\u00e4rist\u00f6j\u00e4.<\/p>\n\n\n\n<p>Podcastin kirjasuosituksena Kyt\u00f6 tarjoaa Emily Wilsonin englanninkielist\u00e4 versiota Homeroksen Odysseuksesta The Odyssey.<\/p>\n\n\n\n<p>Humanisti vastaa -podcast. Osa 19. julkaistiin marraskuussa 2024 <a href=\"https:\/\/www.ts.fi\/uutiset\/6494900\">Turun Sanomien<\/a> ja <a href=\"https:\/\/on.soundcloud.com\/2gPcf\">Turun yliopiston<\/a> kanavissa.<\/p>\n\n\n\n<figure class=\"wp-block-gallery has-nested-images columns-default is-cropped wp-block-gallery-1 is-layout-flex wp-block-gallery-is-layout-flex\">\n<figure class=\"wp-block-image size-large\"><img loading=\"lazy\" decoding=\"async\" width=\"1024\" height=\"826\" data-id=\"1095\" src=\"https:\/\/dicto.fi\/wp-content\/uploads\/2024\/10\/rehtori-Marjo-Kaartinen-1024x826.jpg\" alt=\"\" class=\"wp-image-1095\" srcset=\"https:\/\/dicto.fi\/wp-content\/uploads\/2024\/10\/rehtori-Marjo-Kaartinen-1024x826.jpg 1024w, https:\/\/dicto.fi\/wp-content\/uploads\/2024\/10\/rehtori-Marjo-Kaartinen-300x242.jpg 300w, https:\/\/dicto.fi\/wp-content\/uploads\/2024\/10\/rehtori-Marjo-Kaartinen-768x620.jpg 768w, https:\/\/dicto.fi\/wp-content\/uploads\/2024\/10\/rehtori-Marjo-Kaartinen-1536x1239.jpg 1536w, https:\/\/dicto.fi\/wp-content\/uploads\/2024\/10\/rehtori-Marjo-Kaartinen-2048x1652.jpg 2048w\" sizes=\"auto, (max-width: 706px) 89vw, (max-width: 767px) 82vw, 740px\" \/><\/figure>\n<\/figure>\n\n\n\n<p>Rehtori Marjo Kaartisen mielest\u00e4 Turun yliopiston on aika karistaa vaatimattomuus ja olla ylpe\u00e4 saavutuksistaan.<\/p>\n\n\n\n<p>H\u00e4n sanoo suoraan, ett\u00e4 Turun yliopistossa ollaan liian vaatimattomia. Aika Taideyliopiston vararehtorina havahdutti h\u00e4net n\u00e4kem\u00e4\u00e4n ammattiylpeyden merkityksen ja Turun yliopiston vahvuudet tiedeyliopistona.<\/p>\n\n\n\n<p>Kaartisen mielest\u00e4 monialaisuus on Turun yliopiston ehdoton vahvuus. Monialainen yhteisty\u00f6 on luonteva osa kahdeksan tiedekunnan olemusta, ja tulevaisuudessa tarvitaan yh\u00e4 monitieteisempi\u00e4 ja suurempia tutkimusryhmi\u00e4.<\/p>\n\n\n\n<p>Rehtorina h\u00e4n haluaa tuoda esiin yliopistojen ainutlaatuisen, yhteiskunnalle v\u00e4ltt\u00e4m\u00e4tt\u00f6m\u00e4n ty\u00f6n ja pit\u00e4\u00e4 t\u00e4rke\u00e4n\u00e4, ett\u00e4 tutkijat osallistuvat tiedeviestint\u00e4\u00e4n aktiivisesti itselleen luontevissa kanavissa.<\/p>\n\n\n\n<p>Podcastin kirjavinkkin\u00e4 Marjo Kaartinen suosittelee Bea Uusman teosta Naparetki: Minun rakkaustarinani.<\/p>\n\n\n\n<p>Humanisti vastaa -podcast. Osa 18. julkaistiin lokakuussa 2024<a href=\"https:\/\/soundcloud.com\/turun-yliopisto\/humanisti-vastaa-osa-18-voiko-turun-yliopistoa-kutsua-huippuyliopistoksi-rehtori-marjo-kaartinen\"> Turun yliopiston<\/a> kanavissa ja <a href=\"https:\/\/www.ts.fi\/kulttuuri\/6468820\">Turun Sanomissa<\/a>.<\/p>\n\n\n\n<figure class=\"wp-block-image size-large\"><img loading=\"lazy\" decoding=\"async\" width=\"1024\" height=\"911\" src=\"https:\/\/dicto.fi\/wp-content\/uploads\/2024\/10\/Mikko-Puumala-podcast-1024x911.jpg\" alt=\"\" class=\"wp-image-1096\" srcset=\"https:\/\/dicto.fi\/wp-content\/uploads\/2024\/10\/Mikko-Puumala-podcast-1024x911.jpg 1024w, https:\/\/dicto.fi\/wp-content\/uploads\/2024\/10\/Mikko-Puumala-podcast-300x267.jpg 300w, https:\/\/dicto.fi\/wp-content\/uploads\/2024\/10\/Mikko-Puumala-podcast-768x683.jpg 768w, https:\/\/dicto.fi\/wp-content\/uploads\/2024\/10\/Mikko-Puumala-podcast-1536x1367.jpg 1536w, https:\/\/dicto.fi\/wp-content\/uploads\/2024\/10\/Mikko-Puumala-podcast.jpg 1790w\" sizes=\"auto, (max-width: 706px) 89vw, (max-width: 767px) 82vw, 740px\" \/><figcaption class=\"wp-element-caption\">Filosofi Mikko Puumala kertoo podcastissa, miten arkimoraalimme selvi\u00e4\u00e4 stressitestist\u00e4.<\/figcaption><\/figure>\n\n\n\n<p>Filosofi, etiikan tutkija Mikko Puumala Turun yliopistosta sanoo, ett\u00e4 ilmastonmuutoksen torjumiseksi tarvitaan koordinoitua toimintaa instituutioiden tasolla. Yksil\u00f6 ei kuitenkaan ole vapaa velvoitteista, vaikka h\u00e4nelt\u00e4 ei voi vaatia kohtuuttomia. Moraalin nimiss\u00e4 on oikeutettua edellytt\u00e4\u00e4 ihmisilt\u00e4 itselt\u00e4\u00e4n aktiivisuutta.<\/p>\n\n\n\n<p>Avaruusetiikan tutkijana Mikko Puumala t\u00e4hdent\u00e4\u00e4 omistusoikeuksiin liittyvi\u00e4 sopimuksia. Uutinen nestem\u00e4isen veden l\u00f6yd\u00f6st\u00e4 Marsissa her\u00e4tt\u00e4\u00e4 tutkijan mielest\u00e4 t\u00e4rke\u00e4n keskustelun siit\u00e4, kenelle Marsin vesi kuuluu.<\/p>\n\n\n\n<p>Podcastin kirjavinkkin\u00e4 h\u00e4n suosittelee Joshua Greenen teosta Moral Tribes, jota h\u00e4n luonnehtii moraalifilosofian kannalta t\u00e4rke\u00e4ksi. <\/p>\n\n\n\n<p>Humanisti vastaa -podcast. Osa 17. julkaistiin syyskuussa 2024 <a href=\"https:\/\/www.ts.fi\/uutiset\/6442879\">Turun Sanomien<\/a> ja <a href=\"https:\/\/soundcloud.com\/turun-yliopisto\/humanisti-vastaa-osa-17-miten-arkimoraalimme-selviaa-stressitestista-filosofi-mikko-puumala\">Turun yliopiston<\/a> kanavissa.<\/p>\n\n\n\n<figure class=\"wp-block-image size-large\"><img loading=\"lazy\" decoding=\"async\" width=\"677\" height=\"1024\" src=\"https:\/\/dicto.fi\/wp-content\/uploads\/2024\/10\/Kimmo-Laine-podcast-677x1024.jpg\" alt=\"\" class=\"wp-image-1094\" srcset=\"https:\/\/dicto.fi\/wp-content\/uploads\/2024\/10\/Kimmo-Laine-podcast-677x1024.jpg 677w, https:\/\/dicto.fi\/wp-content\/uploads\/2024\/10\/Kimmo-Laine-podcast-198x300.jpg 198w, https:\/\/dicto.fi\/wp-content\/uploads\/2024\/10\/Kimmo-Laine-podcast-768x1161.jpg 768w, https:\/\/dicto.fi\/wp-content\/uploads\/2024\/10\/Kimmo-Laine-podcast-1016x1536.jpg 1016w, https:\/\/dicto.fi\/wp-content\/uploads\/2024\/10\/Kimmo-Laine-podcast-1355x2048.jpg 1355w, https:\/\/dicto.fi\/wp-content\/uploads\/2024\/10\/Kimmo-Laine-podcast-scaled.jpg 1693w\" sizes=\"auto, (max-width: 677px) 100vw, 677px\" \/><figcaption class=\"wp-element-caption\">Kimmo Laine kertoo, mit\u00e4 humanistitutkija n\u00e4kee katsoessaan jalkapallo-ottelua.<\/figcaption><\/figure>\n\n\n\n<p>Ekokriittist\u00e4 elokuvatutkimusta johtava Kimmo Laine kaipaa ymp\u00e4rist\u00f6n\u00e4k\u00f6kulmaa my\u00f6s jalkapallotutkimukseen<br>Mediatutkimuksen yliopistonlehtori, dosentti Kimmo Laine Turun yliopistosta sanoo, ett\u00e4 jalkapallo on kiinnostava akateemisen tutkimuksen kohde, koska se on paitsi urheilulaji my\u00f6s sosiaalinen, taloudellinen ja esteettinen ilmi\u00f6. Jalkapallo on yksi harvoista median v\u00e4lityksell\u00e4 ja mediassa tapahtuvista t\u00e4ysin globaaleista ilmi\u00f6ist\u00e4, ja Laineen mielest\u00e4 sit\u00e4 pit\u00e4isi nykyist\u00e4 enemm\u00e4n tutkia my\u00f6s ymp\u00e4rist\u00f6n\u00e4k\u00f6kulmasta.<br><br>Parhaillaan Laine johtaa Turun yliopistossa laajaa suomalaisten elokuvien ymp\u00e4rist\u00f6vaikutuksia koskevaa tutkimusta, jolla on Koneen S\u00e4\u00e4ti\u00f6n yli 500 000 euron rahoitus. Tutkimusjakson aikana, 1900-luvun alusta nykyp\u00e4iv\u00e4\u00e4n, Suomessa tuotettiin yli 1500 elokuvaa.<br>Hiilijalanj\u00e4ljen arvioinnin ohella Laineen mielest\u00e4 on syyt\u00e4 muistaa elokuvien symbolinen vaikutus. Suomalainen elokuva on luonut kuvaa luonnon kauneudesta, mik\u00e4 on osaltaan vaikuttanut suomalaisten luonto- ja mets\u00e4suhteeseen.<\/p>\n\n\n\n<p>Podcastin kirjavinkkin\u00e4 Laine suosittelee \u00c1gota Krist\u00f3fin teosta Iso vihko. Syk\u00e4hdytt\u00e4v\u00e4 kaunokirjallinen teos pani tutkijan ajattelemaan havaitsemisen ja ymm\u00e4rt\u00e4misen tapoja uusiksi.<\/p>\n\n\n\n<p>Humanisti vastaa -podcast. Osa 16. julkaistiin elokuussa <a href=\"https:\/\/www.ts.fi\/uutiset\/6418260\">Turun Sanomien<\/a> ja <a href=\"https:\/\/soundcloud.com\/turun-yliopisto\/humanisti-vastaa-osa-16-mita-humanistitutkija-nakee-katsoessaan-jalkapallo-ottelua-kimmo-laine\">Turun yliopiston<\/a> kanavissa.<\/p>\n\n\n\n<blockquote class=\"wp-block-quote is-layout-flow wp-block-quote-is-layout-flow\">\n<p><\/p>\n<\/blockquote>\n\n\n\n<figure class=\"wp-block-image size-large\"><img loading=\"lazy\" decoding=\"async\" width=\"1007\" height=\"1024\" src=\"https:\/\/dicto.fi\/wp-content\/uploads\/2024\/05\/20240513_142245-1007x1024.jpg\" alt=\"\" class=\"wp-image-1073\" srcset=\"https:\/\/dicto.fi\/wp-content\/uploads\/2024\/05\/20240513_142245-1007x1024.jpg 1007w, https:\/\/dicto.fi\/wp-content\/uploads\/2024\/05\/20240513_142245-295x300.jpg 295w, https:\/\/dicto.fi\/wp-content\/uploads\/2024\/05\/20240513_142245-768x781.jpg 768w, https:\/\/dicto.fi\/wp-content\/uploads\/2024\/05\/20240513_142245.jpg 1192w\" sizes=\"auto, (max-width: 706px) 89vw, (max-width: 767px) 82vw, 740px\" \/><figcaption class=\"wp-element-caption\">Ranskan kielen professori Marjut Johansson sanoo, ett\u00e4 suomalaisten vieraiden kielten taito  v\u00e4henee h\u00e4lytt\u00e4v\u00e4sti. H\u00e4n muistuttaa, ettei englanti avaa kaikkia ovia.<\/figcaption><\/figure>\n\n\n\n<p>Suomalaisten ranskan, saksan ja ven\u00e4j\u00e4n osaaminen heikkenee. Vapaavalintaisen kielen kokeeseen osallistuvien m\u00e4\u00e4r\u00e4 ylioppilaskirjoituksissa on lyhyess\u00e4 ajassa romahtanut alle puoleen.&nbsp; Ranskan kielen professori Marjut Johansson sanoo, ett\u00e4 olemme kuplautuneet ajatukseen, ett\u00e4 englanti riitt\u00e4isi kaikkialla.<\/p>\n\n\n\n<p>Johansson korostaa, ett\u00e4 laajaa vieraiden kielten taitoa tarvitaan takaamaan yhteiskunnan tiedon huoltovarmuus. Yhteiskunnallisista ja poliittisista kehityskuluista Euroopassa ja laajemminkin maailmalla suomalaisten pit\u00e4\u00e4 pysty\u00e4 hankkimaan tietoa suoraan ensi k\u00e4den l\u00e4hteist\u00e4.&nbsp;<br>On t\u00e4rke\u00e4\u00e4, ett\u00e4 Suomella on kielitaitoisia asiantuntijoita kansainv\u00e4lisiss\u00e4 teht\u00e4viss\u00e4. Johansson muistuttaa, ett\u00e4 Euroopan unionissa on kolme ty\u00f6skentelykielt\u00e4: englanti, ranska ja saksa. Natossa englannin ohella toinen virallinen kieli on ranska.<\/p>\n\n\n\n<p>Turun yliopiston Kieli- ja k\u00e4\u00e4nn\u00f6stieteiden laitoksen johtajan mielest\u00e4 Suomessa pit\u00e4\u00e4 laatia strateginen vieraita kieli\u00e4 koskeva kielikoulutuspolitiikkaa. Nyt kieli\u00e4 koskeva p\u00e4\u00e4t\u00f6ksenteko on hajanaista ja heikennyksi\u00e4 on tehty paljon.<br><br>Humanisti vastaa -podcastissa lukusuosituksena Marjut Johansson tarjoaa marokkolaisen, Ranskassa asuvan Le\u00efla Slimanin Toisten maa -sukutarinaa, joka kuvaa marokkolaista yhteiskuntaa yhden perheen kautta. Lotta Toivasen suomennosta Johansson kehuu erinomaiseksi ja muistuttaa, ett\u00e4 suomentajat ovat t\u00e4rkeit\u00e4 v\u00e4litt\u00e4ji\u00e4 kulttuurity\u00f6ss\u00e4.<\/p>\n\n\n\n<p>Humanisti vastaa -podcast. Osa 15. julkaistiin toukokuussa 2024 <a href=\"https:\/\/www.ts.fi\/uutiset\/6342715\">Turun Sanomissa<\/a> ja <a href=\"https:\/\/www.utu.fi\/fi\/ajankohtaista\/podcast\/humanisti-vastaa\">Turun yliopiston kanavissa<\/a>.<\/p>\n\n\n\n<p><\/p>\n\n\n\n<figure class=\"wp-block-image size-large\"><img loading=\"lazy\" decoding=\"async\" width=\"763\" height=\"1024\" src=\"https:\/\/dicto.fi\/wp-content\/uploads\/2024\/05\/Reima-Valimaki-IC98-teos-763x1024.jpg\" alt=\"\" class=\"wp-image-1070\" srcset=\"https:\/\/dicto.fi\/wp-content\/uploads\/2024\/05\/Reima-Valimaki-IC98-teos-763x1024.jpg 763w, https:\/\/dicto.fi\/wp-content\/uploads\/2024\/05\/Reima-Valimaki-IC98-teos-224x300.jpg 224w, https:\/\/dicto.fi\/wp-content\/uploads\/2024\/05\/Reima-Valimaki-IC98-teos-768x1030.jpg 768w, https:\/\/dicto.fi\/wp-content\/uploads\/2024\/05\/Reima-Valimaki-IC98-teos-1145x1536.jpg 1145w, https:\/\/dicto.fi\/wp-content\/uploads\/2024\/05\/Reima-Valimaki-IC98-teos-1526x2048.jpg 1526w, https:\/\/dicto.fi\/wp-content\/uploads\/2024\/05\/Reima-Valimaki-IC98-teos.jpg 1753w\" sizes=\"auto, (max-width: 706px) 89vw, (max-width: 767px) 82vw, 740px\" \/><\/figure>\n\n\n\n<p>Keskiaikatutkija Reima V\u00e4lim\u00e4ki kehottaa kysym\u00e4\u00e4n, ketk\u00e4 nyky-yhteiskunnassa lietsovat vastakkainasettelua ja mill\u00e4 motiivilla.<\/p>\n\n\n\n<p>Akatemiatutkija Reima V\u00e4lim\u00e4ki sanoo, ett\u00e4 vastakkainasettelua korostava puhe yksinkertaistaa keskustelua. Historioitsijan mukaan n\u00e4in tosin toimivat jo valistusfilosofit, jotka esittiv\u00e4t omat kantansa rationaalisina ja leimasivat muiden puheet kiistelyksi.&nbsp;<\/p>\n\n\n\n<p>Turku Centre for Medieval and Early Modern Studies -keskuksessa ty\u00f6skentelev\u00e4\u00e4 vihapuheen tutkijaa kiinnostaa, millaiset syyt\u00f6kset ja miss\u00e4 konteksteissa ovat johtaneet v\u00e4kivaltaan. H\u00e4n huomauttaa, ett\u00e4 on eri asia v\u00e4itt\u00e4\u00e4 toista v\u00e4\u00e4r\u00e4uskoiseksi ja uhata tappaa kuin oikeasti heitt\u00e4\u00e4 polttopulloja.&nbsp;<\/p>\n\n\n\n<p>Historioitsijan mielest\u00e4 julkisessa keskustelussa toimittajien ja kommentaattorien on katsottava tarkkaan, kuka lietsoo vastakkainasettelua ja kuka siit\u00e4 hy\u00f6tyy. Konfliktien keskell\u00e4 on syyt\u00e4 kysy\u00e4, mik\u00e4 ruokkii salaliittoteorioita ja miten asia oikeasti on.&nbsp;<\/p>\n\n\n\n<p>Keskiaikatutkija n\u00e4kee nykyajassa aitoa osattomuutta ja yht\u00e4l\u00e4isyyksi\u00e4 keskiaikaan, jolloin ilmasto alkoi heiket\u00e4, sadot huonontuivat, epidemiat jyll\u00e4siv\u00e4t, musta surma tappoi ja Euroopassa k\u00e4ytiin brutaaleja sotia.&nbsp;<\/p>\n\n\n\n<p>Reima V\u00e4lim\u00e4ki on Keskiajan Turku -tapahtuman hallituksen puheenjohtaja. Historiallisena asiantuntijana h\u00e4n n\u00e4kee, ett\u00e4 suurtapahtuman erityisyyden takaa Vanhan Suurtorin aito milj\u00f6\u00f6 ja keskittyminen arjen, lasten ja naisten historiaan. K\u00e4sity\u00f6l\u00e4iset, myyj\u00e4t ja aktiiviset vapaaehtoiset el\u00e4v\u00f6itt\u00e4v\u00e4t keskiaikaa kes\u00e4st\u00e4 toiseen niin, ett\u00e4 tapahtuma houkuttelee yli 100 000 k\u00e4vij\u00e4\u00e4.&nbsp;<\/p>\n\n\n\n<p>Podcastin pikateht\u00e4v\u00e4ss\u00e4 paljastuu, viek\u00f6 tutkija lapset lomamatkalla huvipuistoon vai katakombiin.&nbsp;<\/p>\n\n\n\n<p>Lukusuosituksena V\u00e4lim\u00e4ki tarjoaa teoksen This It Not Propaganda, jonka kirjoittaja Peter Pomerantsev v\u00e4itt\u00e4\u00e4, ettei Ven\u00e4j\u00e4n trollien toiminta ole niin tehokasta kuin luullaan. Suurempi vaikutus on l\u00e4nnen uskolla Ven\u00e4j\u00e4n propagandan tehoon.<\/p>\n\n\n\n<p>Humanisti vastaa -podcast. Osa 14.  julkaistiin huhtikuussa 2024 <a href=\"https:\/\/www.ts.fi\/teemat\/6310192\">Turun Sanomissa<\/a> ja <a href=\"https:\/\/soundcloud.com\/turun-yliopisto\/humanisti-vastaa-osa-14-miksi-totuus-ei-riita-ja-salaliittoteoriat-leviavat-reima-valimaki\">Turun yliopiston kanavissa<\/a>.<\/p>\n\n\n\n<figure class=\"wp-block-image size-large\"><img loading=\"lazy\" decoding=\"async\" width=\"1001\" height=\"1024\" src=\"https:\/\/dicto.fi\/wp-content\/uploads\/2024\/04\/Pia-Koivunen-1001x1024.jpg\" alt=\"\" class=\"wp-image-1046\" srcset=\"https:\/\/dicto.fi\/wp-content\/uploads\/2024\/04\/Pia-Koivunen-1001x1024.jpg 1001w, https:\/\/dicto.fi\/wp-content\/uploads\/2024\/04\/Pia-Koivunen-293x300.jpg 293w, https:\/\/dicto.fi\/wp-content\/uploads\/2024\/04\/Pia-Koivunen-768x786.jpg 768w, https:\/\/dicto.fi\/wp-content\/uploads\/2024\/04\/Pia-Koivunen-1501x1536.jpg 1501w, https:\/\/dicto.fi\/wp-content\/uploads\/2024\/04\/Pia-Koivunen-2002x2048.jpg 2002w\" sizes=\"auto, (max-width: 706px) 89vw, (max-width: 767px) 82vw, 740px\" \/><\/figure>\n\n\n\n<p>Ven\u00e4j\u00e4-asiantuntija Pia Koivunen pit\u00e4\u00e4 Ukrainasta kaapattujen lasten ven\u00e4l\u00e4ist\u00e4mist\u00e4 kansanmurhana.<\/p>\n\n\n\n<p>Euroopan ja maailman historian yliopistonlehtori luonnehtii Ven\u00e4j\u00e4lle siepattujen ukrainalaislasten kohtaloa j\u00e4rkytt\u00e4v\u00e4ksi. Lastenkodeista vietyjen orpojen tilanne on tutkijan mielest\u00e4 lohduttomin, koska lapsilla ei ole l\u00e4hiomaisia vaatimassa palauttamista. Jos lasten henkil\u00f6llisyys muutetaan ja heid\u00e4t ven\u00e4l\u00e4istet\u00e4\u00e4n, he katoavat.&nbsp;<\/p>\n\n\n\n<p>FT Pia Koivusen mielest\u00e4 kyseess\u00e4 on er\u00e4\u00e4nlainen kansanmurhan muoto. H\u00e4n muistuttaa, ett\u00e4 Ven\u00e4j\u00e4n sota on brutaali hy\u00f6kk\u00e4ys Ukrainan kansaa kohtaan ja pyrkimyksen\u00e4 on kitke\u00e4 ukrainalaisuus.<\/p>\n\n\n\n<p>Podcastissa Pia Koivunen vastaa kysymykseen siit\u00e4, miksi 140 miljoonaa ven\u00e4l\u00e4ist\u00e4 sallii sodan ja sotarikokset Ukrainassa.<\/p>\n\n\n\n<p>Humanisti vastaa -podcast. Osa 13. julkaistiin maaliskuussa 2024 <a href=\"https:\/\/www.ts.fi\/teemat\/6284273\">Turun Sanomissa<\/a> ja <a href=\"https:\/\/soundcloud.com\/turun-yliopisto\/humanisti-vastaa-osa-13-miksi-140-miljoonaa-venalaista-sallii-sodan-ukrainassa-pia-koivunen\">Turun yliopiston<\/a> kanavissa.<\/p>\n\n\n\n<figure class=\"wp-block-image size-large\"><img loading=\"lazy\" decoding=\"async\" width=\"1024\" height=\"906\" src=\"https:\/\/dicto.fi\/wp-content\/uploads\/2024\/03\/Olli-Loytty-podcast-1024x906.jpg\" alt=\"\" class=\"wp-image-1034\" srcset=\"https:\/\/dicto.fi\/wp-content\/uploads\/2024\/03\/Olli-Loytty-podcast-1024x906.jpg 1024w, https:\/\/dicto.fi\/wp-content\/uploads\/2024\/03\/Olli-Loytty-podcast-300x265.jpg 300w, https:\/\/dicto.fi\/wp-content\/uploads\/2024\/03\/Olli-Loytty-podcast-768x679.jpg 768w, https:\/\/dicto.fi\/wp-content\/uploads\/2024\/03\/Olli-Loytty-podcast-1536x1359.jpg 1536w, https:\/\/dicto.fi\/wp-content\/uploads\/2024\/03\/Olli-Loytty-podcast.jpg 1890w\" sizes=\"auto, (max-width: 706px) 89vw, (max-width: 767px) 82vw, 740px\" \/><\/figure>\n\n\n\n<p>Luovan kirjoittamisen apulaisprofessori Olli L\u00f6ytty vaatii kouluun lis\u00e4\u00e4 \u00e4idinkielentunteja, koska kirjoittaminen on keskeinen kansalaistaito, jota tarvitaan kaikissa ammateissa&nbsp;&nbsp;<\/p>\n\n\n\n<p>Turun yliopiston luovan kirjoittamisen ensimm\u00e4isen professuurin haltija iloitsee siit\u00e4, ett\u00e4 oppiaine el\u00e4\u00e4 nousukautta. Luovaa kirjoittamista opetetaan Turun ohella Jyv\u00e4skyl\u00e4n yliopistossa ja Taideyliopistossa ja yhteisty\u00f6t\u00e4 tehd\u00e4\u00e4n tiiviisti.&nbsp;&nbsp;<\/p>\n\n\n\n<p>L\u00f6ytty toteaa, ett\u00e4 ajatus luovasta kirjoittamisesta vain kirjailijakouluna on kovin kapea, vaikka oppiaineen piirist\u00e4 on kasvanut arvostettuja kirjailijoita. H\u00e4n muistuttaa, ett\u00e4 erilaisten tekstien tuottamisen hallintaa tarvitaan l\u00e4hes kaikissa ammateissa.&nbsp;<\/p>\n\n\n\n<p><a href=\"https:\/\/www.ts.fi\/teemat\/6258180\">Humanisti vastaa. Osa 12. j<\/a>ulkaistiin helmikuussa 2024.<\/p>\n\n\n\n<figure class=\"wp-block-image size-large\"><img loading=\"lazy\" decoding=\"async\" width=\"1024\" height=\"1024\" src=\"https:\/\/dicto.fi\/wp-content\/uploads\/2024\/02\/Anna-Leena-Peramaki-Arcanum-1024x1024.jpg\" alt=\"\" class=\"wp-image-1026\" srcset=\"https:\/\/dicto.fi\/wp-content\/uploads\/2024\/02\/Anna-Leena-Peramaki-Arcanum-1024x1024.jpg 1024w, https:\/\/dicto.fi\/wp-content\/uploads\/2024\/02\/Anna-Leena-Peramaki-Arcanum-300x300.jpg 300w, https:\/\/dicto.fi\/wp-content\/uploads\/2024\/02\/Anna-Leena-Peramaki-Arcanum-150x150.jpg 150w, https:\/\/dicto.fi\/wp-content\/uploads\/2024\/02\/Anna-Leena-Peramaki-Arcanum-768x768.jpg 768w, https:\/\/dicto.fi\/wp-content\/uploads\/2024\/02\/Anna-Leena-Peramaki-Arcanum-1536x1536.jpg 1536w, https:\/\/dicto.fi\/wp-content\/uploads\/2024\/02\/Anna-Leena-Peramaki-Arcanum-2048x2048.jpg 2048w, https:\/\/dicto.fi\/wp-content\/uploads\/2024\/02\/Anna-Leena-Peramaki-Arcanum-100x100.jpg 100w\" sizes=\"auto, (max-width: 706px) 89vw, (max-width: 767px) 82vw, 740px\" \/><\/figure>\n\n\n\n<p>Tutkija, tietokirjailija Anna-Leena Per\u00e4m\u00e4ki kertoo, mik\u00e4 on pohjoismainen n\u00e4k\u00f6kulma holokaustiin.<\/p>\n\n\n\n<p><em>Anne Frank ja h\u00e4nen kohtalosisarensa<\/em> -kirjan julkaissut Per\u00e4m\u00e4ki tavoitti yhden tutkimuskohteistaan, juutalaisvainoista selvinneen Anita Meyerin Yhdysvalloista.<\/p>\n\n\n\n<p>Yli 90-vuotias Meyer toivoo turkulaistutkijan tietokirjan julkaisua englanniksi.<\/p>\n\n\n\n<p>Per\u00e4m\u00e4ki sanoo, ett\u00e4 on t\u00e4rke\u00e4 muistuttaa, mihin antisemitismi ja rasismi voivat johtaa.<\/p>\n\n\n\n<p>Toisen maailmansodan aikana vainottujen nuorten juutalaisten p\u00e4iv\u00e4kirjamerkint\u00f6j\u00e4 tutkinut Per\u00e4m\u00e4ki toteaa, ett\u00e4 historia n\u00e4ytt\u00e4\u00e4 j\u00e4lleen toistavan itse\u00e4\u00e4n.<\/p>\n\n\n\n<p>Humanisti vastaa -podcast. <a href=\"https:\/\/www.ts.fi\/teemat\/6224555\">Osa 11.<\/a> julkaistiin tammikuussa 2024.<\/p>\n\n\n\n<p><\/p>\n","protected":false},"excerpt":{"rendered":"<p>Humanisti vastaa -podcastissa Turun yliopiston tutkijat vastaavat ajankohtaisiin kysymyksiin. Vieras saa kertoa my\u00f6s, mihin h\u00e4n haluaa vaikuttaa yhteiskunnallisessa keskustelussa. T\u00e4n\u00e4 vuonna podcastissa haastateltavat antavat my\u00f6s lukusuosituksia vaikuttavista kirjoista. Humanisti vastaa -podcastit julkaistaan Turun yliopiston kanavissa ja Turun Sanomien verkkosivulla, Soundcoudissa ja Spotifyssa. Podcastien taustoista kerrotaan Turun Sanomissa. Digitaalisen kielentutkimuksen v\u00e4it\u00f6skirjatutkija Otto Tarkka kertoo Humanisti vastaa &hellip; <\/p>\n<p class=\"link-more\"><a href=\"https:\/\/dicto.fi\/?page_id=1041\" class=\"more-link\">Jatka lukemista<span class=\"screen-reader-text\"> &#8221;Humanisti vastaa -podcast 2024&#8221;<\/span><\/a><\/p>\n","protected":false},"author":1,"featured_media":1130,"parent":0,"menu_order":0,"comment_status":"closed","ping_status":"closed","template":"","meta":{"footnotes":""},"class_list":["post-1041","page","type-page","status-publish","has-post-thumbnail","hentry"],"_links":{"self":[{"href":"https:\/\/dicto.fi\/index.php?rest_route=\/wp\/v2\/pages\/1041","targetHints":{"allow":["GET"]}}],"collection":[{"href":"https:\/\/dicto.fi\/index.php?rest_route=\/wp\/v2\/pages"}],"about":[{"href":"https:\/\/dicto.fi\/index.php?rest_route=\/wp\/v2\/types\/page"}],"author":[{"embeddable":true,"href":"https:\/\/dicto.fi\/index.php?rest_route=\/wp\/v2\/users\/1"}],"replies":[{"embeddable":true,"href":"https:\/\/dicto.fi\/index.php?rest_route=%2Fwp%2Fv2%2Fcomments&post=1041"}],"version-history":[{"count":32,"href":"https:\/\/dicto.fi\/index.php?rest_route=\/wp\/v2\/pages\/1041\/revisions"}],"predecessor-version":[{"id":1127,"href":"https:\/\/dicto.fi\/index.php?rest_route=\/wp\/v2\/pages\/1041\/revisions\/1127"}],"wp:featuredmedia":[{"embeddable":true,"href":"https:\/\/dicto.fi\/index.php?rest_route=\/wp\/v2\/media\/1130"}],"wp:attachment":[{"href":"https:\/\/dicto.fi\/index.php?rest_route=%2Fwp%2Fv2%2Fmedia&parent=1041"}],"curies":[{"name":"wp","href":"https:\/\/api.w.org\/{rel}","templated":true}]}}